{"id":2125,"date":"2021-07-08T16:13:38","date_gmt":"2021-07-08T19:13:38","guid":{"rendered":"http:\/\/www.arroiodotigre.rs.gov.br\/site\/?page_id=2125"},"modified":"2021-08-02T16:41:20","modified_gmt":"2021-08-02T19:41:20","slug":"historico-simbolos-e-hino","status":"publish","type":"page","link":"https:\/\/www.arroiodotigre.rs.gov.br\/site\/historico-simbolos-e-hino\/","title":{"rendered":"Hist\u00f3rico, S\u00edmbolos e Hino."},"content":{"rendered":"\n<p class=\"has-large-font-size\"><strong><em>Hist\u00f3rico<\/em><\/strong><\/p>\n\n\n\n<p>A origem do nome Arroio do Tigre era, na verdade, uma on\u00e7a abatida no s\u00e9culo XIX na ent\u00e3o col\u00f4nia de sobradinho, \u00e0s margens de um arroio. A on\u00e7a estra\u00e7alhou v\u00e1rios animais dom\u00e9sticos at\u00e9 que um grupo de homens organizou uma tocaia para abat\u00ea-la. Como n\u00e3o conheciam o animal, julgaram que fosse um tigre e o local passou a ser chamado Arroio do Tigre.<\/p>\n\n\n\n<p><br>A ocupa\u00e7\u00e3o efetiva iniciou por volta de 1900, quando chegaram as primeiras fam\u00edlias de origem germ\u00e2nica, procedentes de Santa Cruz do Sul e arredores. A estes somaram-se posteriormente os italianos e luso-brasileiros. Os colonos enfrentaram a mata e seus perigos, abriram picadas, constru\u00edram casas, ergueram as primeiras capelas que, em geral, tamb\u00e9m serviam de escolas.<\/p>\n\n\n\n<p><br>Por volta de 1920, come\u00e7ou a tomar forma a Vila Tigre. Surgiram as primeiras casas comerciais, as igrejas Cat\u00f3lica e Evang\u00e9lica, depois o Hospital Santa Rosa de Lima e, em seguida, o Col\u00e9gio Sagrado Cora\u00e7\u00e3o de Jesus. Tamb\u00e9m em 1920, um grupo de colonos fundou a Cooperativa Agr\u00edcola Mista Cereja, ainda em atividade.<\/p>\n\n\n\n<p><br>At\u00e9 1929 a Vila Tigre pertencia ao munic\u00edpio de Soledade, passando ent\u00e3o a fazer parte e ser o 3\u00b0 Distrito de Sobradinho. A emancipa\u00e7\u00e3o deu-se em 6 de novembro de 1963, tomando partes da \u00e1rea de Sobradinho, Soledade e Espumoso.<\/p>\n\n\n\n<p class=\"has-large-font-size\"><sub><strong><em>S\u00cdMBOLOS<\/em> <\/strong><\/sub><\/p>\n\n\n\n<p class=\"has-large-font-size\"><strong><em>A Bandeira<\/em><\/strong><\/p>\n\n\n\n<figure class=\"wp-block-gallery alignleft columns-1 is-cropped wp-block-gallery-1 is-layout-flex wp-block-gallery-is-layout-flex\"><ul class=\"blocks-gallery-grid\"><li class=\"blocks-gallery-item\"><figure><img loading=\"lazy\" decoding=\"async\" width=\"400\" height=\"303\" src=\"http:\/\/www.arroiodotigre.rs.gov.br\/site\/wp-content\/uploads\/2021\/07\/Bandeira_Arroio_do_Tigre.png\" alt=\"\" data-id=\"2126\" data-full-url=\"http:\/\/www.arroiodotigre.rs.gov.br\/site\/wp-content\/uploads\/2021\/07\/Bandeira_Arroio_do_Tigre.png\" data-link=\"http:\/\/www.arroiodotigre.rs.gov.br\/site\/?attachment_id=2126\" class=\"wp-image-2126\" srcset=\"https:\/\/www.arroiodotigre.rs.gov.br\/site\/wp-content\/uploads\/2021\/07\/Bandeira_Arroio_do_Tigre.png 400w, https:\/\/www.arroiodotigre.rs.gov.br\/site\/wp-content\/uploads\/2021\/07\/Bandeira_Arroio_do_Tigre-300x227.png 300w\" sizes=\"auto, (max-width: 400px) 100vw, 400px\" \/><\/figure><\/li><\/ul><\/figure>\n\n\n\n<p>A Bandeira Municipal de Arroio do Tigre, de autoria do heraldista Prof. Arcino\u00e9 Ant\u00f4nio Peixoto de Faria, da Enciclop\u00e9dia Her\u00e1ldica Municipalista, ser\u00e1 Esquartelada em faixa, sendo os quart\u00e9is de azul constitu\u00eddos por tr\u00eas faixas brancas carregadas de sobre-faixas pretas, dispostas no sentido horizontal, que partem de um tri\u00e2ngulo is\u00f3sceles branco, firmado natralha, onde o Bras\u00e3o Municipal \u00e9 aplicado.<\/p>\n\n\n\n<p>\u00a7 1\u00ba &#8211; De conformidade com a tradi\u00e7\u00e3o da her\u00e1ldica portuguesa, da qual herdamos os c\u00e2nones e regras, as bandeiras municipais podem ser oitavadas, sextavadas, esquarteladas ou terciadas, tendo por cores as mesmas constantes do campo do escudo e ostentando o centro ou na tralha uma figura geom\u00e9trica onde o Bras\u00e3o \u00e9 aplicado.<\/p>\n\n\n\n<p>\u00a7 2\u00ba &#8211; O Bras\u00e3o aplicado na Bandeira representa o Governo Municipal e o triangulo is\u00f3sceles branco onde \u00e9 contido representa a pr\u00f3pria cidade \u2013 Sede do Munic\u00edpio \u2013 o tri\u00e2ngulo \u00e9 s\u00edmbolo her\u00e1ldico da liberdade, igualdade e fraternidade e a cor branca simboliza a paz, amizade trabalho, prosperidade, pureza, religiosidade. As faixas brancas carregadas de sobre-faixas pretas que partindo do tri\u00e2ngulo da tualha esquartelam a Bandeira, representam a irradia\u00e7\u00e3o do Poder Municipal que se expande a todos os esquadrantes de seu territ\u00f3rio \u2013 a cor preta \u00e9 s\u00edmbolo de autoridade, prud\u00eancia, sabedoria, modera\u00e7\u00e3o, firmeza de car\u00e1ter. Os quart\u00e9is de azul, constitu\u00eddas, representam as propriedades rurais existentes no territ\u00f3rio municipal, o azul \u00e9 s\u00edmbolo de justi\u00e7a, nobreza, perseveran\u00e7a, zelo e lealdade.<\/p>\n\n\n\n<p><\/p>\n\n\n\n<p class=\"has-large-font-size\"><strong><em>O Bras\u00e3o<\/em><\/strong><\/p>\n\n\n\n<div class=\"wp-block-image\"><figure class=\"alignleft size-large\"><img loading=\"lazy\" decoding=\"async\" width=\"217\" height=\"219\" src=\"http:\/\/www.arroiodotigre.rs.gov.br\/site\/wp-content\/uploads\/2021\/07\/Brasao_Arroio_do_Tigre.png\" alt=\"\" class=\"wp-image-2127\" srcset=\"https:\/\/www.arroiodotigre.rs.gov.br\/site\/wp-content\/uploads\/2021\/07\/Brasao_Arroio_do_Tigre.png 217w, https:\/\/www.arroiodotigre.rs.gov.br\/site\/wp-content\/uploads\/2021\/07\/Brasao_Arroio_do_Tigre-150x150.png 150w\" sizes=\"auto, (max-width: 217px) 100vw, 217px\" \/><\/figure><\/div>\n\n\n\n<p>O Bras\u00e3o de Armas de Arroio do Tigre, de autoria do Heraldista Prof. Arcino\u00e9 Antonio Peixoto de Faria, da Enciclop\u00e9dia Her\u00e1ldica Municipalista, \u00e9 descrito em terras pr\u00f3prias de Her\u00e1ldica da seguinte forma:<\/p>\n\n\n\n<p>Escudo Saum\u00edtrico encimado pela coroa mural de seis torres de argente. Em campo de argente, posta em ab\u00edscuo, uma B\u00edblia sable timbrada de argente. Ao termo, um aguado de Blau ondeado de argente, tendo passante uma on\u00e7a pintada do natural. Com suporte do escudo, adestra e sinistra, hastes de trigo e fumo ao natural, entrecruzadas em ponta sobre as quais se sobrep\u00f5e um listel de blau contendo em letras Argentinas do top\u00f4nimo \u2013 Arroio do Tigre, tendo firmadas no mesmo torres de transmiss\u00e3o de for\u00e7a, sat\u00e9le.<\/p>\n\n\n\n<p>\u00a7 \u00danico \u2013 o Bras\u00e3o descrito neste artigo em termos pr\u00f3prios de Her\u00e1ldica, tem a seguinte interpreta\u00e7\u00e3o simb\u00f3lica:<\/p>\n\n\n\n<p>a) o escudo saum\u00edtrico, usado para representar o Bras\u00e3o de Armas de Arroio do Tigre, foi o primeiro estilo de escudo introduzido em Portugal, por influ\u00eancia Francesa, herdado pela Her\u00e1ldica Brasileira, como evocativo da ra\u00e7a colonizadora e principal formadora de nossa nacionalidade;<\/p>\n\n\n\n<p>b) a coroa mural que o sobrep\u00f5e \u00e9 o s\u00edmbolo universal dos bras\u00f5es de dom\u00ednios que, sendo de argente (prata), de seis torres, das quais apenas quatro s\u00e3o vis\u00edveis em perspectiva no desenho, classifica a cidade representada na terceira grandeza, ou seja, sede do Munic\u00edpio;<\/p>\n\n\n\n<p>c) o metal argente (prata) do campo do escudo, \u00e9 s\u00edmbolo de paz, amizade, trabalho, prosperidade, pureza, religiosidade;<\/p>\n\n\n\n<p>d) em ab\u00edscuo (centro ou cora\u00e7\u00e3o do escudo) a B\u00edblia de sable (preto), lembra o esp\u00edrito crist\u00e3o do povo de Arroio do Tigre, lembrando o fato da exist\u00eancia do Municipio de um exemplar deste livro sagrado, com mais de 400 anos de exist\u00eancia e pesando 6,5 k, com uma espessura de 0,39 cm que segundo os entendido \u00e9 a maior B\u00edblia existente no Brasil;<\/p>\n\n\n\n<p>e) a cor sable (preto) \u00e9 s\u00edmbolo de austeridade, prud\u00eancia, sabedoria, modera\u00e7\u00e3o, firmeza de car\u00e1ter;<\/p>\n\n\n\n<p>f) ao termo ( parte inferior do escudo) o aguado de blau (azul) e ornado de argente (prata), tendo passante uma on\u00e7a pintada ao natural, era a se constituir no parlantismo do escudo, lembrando o top\u00f4nimo da cidade \u201cArroio do Tigre\u201d tido em fun\u00e7\u00e3o das ca\u00e7adas desse animal apelidado \u201ctigre\u201d que abundava \u00e0s margens do arroio, onde hoje ergue-se a cidade;<\/p>\n\n\n\n<p>g) nos ornamento exteriores, o trigo e o fumo representadas apontam os principais produtos oriundos da terra dadivosa e f\u00e9rtil, esteios da economia municipal e as torres de transmiss\u00e3o de for\u00e7a, lembram a Usina de Ita\u00faba, localizada dentro do Territ\u00f3rio Municipal, considerada a maior Hidroel\u00e9trica do Sul do Pa\u00eds;<\/p>\n\n\n\n<p>h) no listel de blau (azul) em letras Argentinas (prateadas) inscreve-se o top\u00f4nimo identificador \u201cArroio do Tigre\u201d, tendo dos lados a inscri\u00e7\u00e3o 22-03-1964, que significa a data de instala\u00e7\u00e3o do Municipio.<\/p>\n\n\n\n<p><\/p>\n\n\n\n<p class=\"has-large-font-size\"><strong><em>O Hino<\/em><\/strong><\/p>\n\n\n\n<p class=\"has-text-align-center\"><strong>Hino Municipal de Arroio do Tigre<\/strong><\/p>\n\n\n\n<p><strong>M\u00fasica:<\/strong> Alda Goettems dos Santos                                                              <strong>Letra: <\/strong>Alda Goettems dos Santos<\/p>\n\n\n\n<p class=\"has-text-align-center\">Imigrantes chegaram com garra<\/p>\n\n\n\n<p class=\"has-text-align-center\">com coragem e com muito labor<\/p>\n\n\n\n<p class=\"has-text-align-center\">Enfrentando perigos constantes,<\/p>\n\n\n\n<p class=\"has-text-align-center\">mas sempre adiante pra recome\u00e7ar<\/p>\n\n\n\n<p class=\"has-text-align-center\">Na esperan\u00e7a de erguer mundo novo<\/p>\n\n\n\n<p class=\"has-text-align-center\">bravura de um povo formando seu lar.<\/p>\n\n\n\n<p class=\"has-text-align-center\">Lealdade, humildade<\/p>\n\n\n\n<p class=\"has-text-align-center\">S\u00e3o virtudes que o povo adotou.<\/p>\n\n\n\n<p class=\"has-text-align-center\">Liberdade, dignidade<\/p>\n\n\n\n<p class=\"has-text-align-center\">Toda ben\u00e7\u00e3o de Deus j\u00e1<\/p>\n\n\n\n<p class=\"has-text-align-center\">Alem\u00e3es, portugueses, italianos<\/p>\n\n\n\n<p class=\"has-text-align-center\">Precursores de um mesmo ideal<\/p>\n\n\n\n<p class=\"has-text-align-center\">Com sua for\u00e7a mostraram aguerridos<\/p>\n\n\n\n<p class=\"has-text-align-center\">Com gra\u00e7a e atrevidos e com muita luz<\/p>\n\n\n\n<p class=\"has-text-align-center\">E aparece o Arroio do Tigre no centro<\/p>\n\n\n\n<p class=\"has-text-align-center\">do nosso Rio Grande do Sul.<\/p>\n\n\n\n<p class=\"has-text-align-center\">Lealdade, humildade\u2026<\/p>\n\n\n\n<p class=\"has-text-align-center\">Resplandece na nossa bandeira<\/p>\n\n\n\n<p class=\"has-text-align-center\">as culturas que um povo traduz<\/p>\n\n\n\n<p class=\"has-text-align-center\">O selvagem no pano aparece<\/p>\n\n\n\n<p class=\"has-text-align-center\">bem junto da b\u00edblia no seu fundo azul<\/p>\n\n\n\n<p class=\"has-text-align-center\">S\u00e3o as for\u00e7as maiores de um povo ,<\/p>\n\n\n\n<p class=\"has-text-align-center\">Humilde, garboso de gl\u00f3rias reluz.<\/p>\n\n\n\n<p class=\"has-text-align-center\">Lealdade, humildade\u2026<\/p>\n\n\n\n<figure class=\"wp-block-gallery columns-1 is-cropped wp-block-gallery-2 is-layout-flex wp-block-gallery-is-layout-flex\"><ul class=\"blocks-gallery-grid\"><li class=\"blocks-gallery-item\"><figure><img loading=\"lazy\" decoding=\"async\" width=\"1024\" height=\"768\" src=\"http:\/\/www.arroiodotigre.rs.gov.br\/site\/wp-content\/uploads\/2021\/08\/12-1.png\" alt=\"\" data-id=\"2751\" data-full-url=\"http:\/\/www.arroiodotigre.rs.gov.br\/site\/wp-content\/uploads\/2021\/08\/12-1.png\" data-link=\"http:\/\/www.arroiodotigre.rs.gov.br\/site\/historico-simbolos-e-hino\/12-2\/\" class=\"wp-image-2751\" srcset=\"https:\/\/www.arroiodotigre.rs.gov.br\/site\/wp-content\/uploads\/2021\/08\/12-1.png 1024w, https:\/\/www.arroiodotigre.rs.gov.br\/site\/wp-content\/uploads\/2021\/08\/12-1-300x225.png 300w, https:\/\/www.arroiodotigre.rs.gov.br\/site\/wp-content\/uploads\/2021\/08\/12-1-768x576.png 768w\" sizes=\"auto, (max-width: 1024px) 100vw, 1024px\" \/><\/figure><\/li><\/ul><\/figure>\n","protected":false},"excerpt":{"rendered":"<p>Hist\u00f3rico A origem do nome Arroio do Tigre era, na verdade, uma on\u00e7a abatida no s\u00e9culo XIX na ent\u00e3o col\u00f4nia de sobradinho, \u00e0s margens de um arroio. A on\u00e7a estra\u00e7alhou v\u00e1rios animais dom\u00e9sticos at\u00e9 que um grupo de homens organizou uma tocaia para abat\u00ea-la. Como n\u00e3o conheciam o animal, julgaram que fosse um tigre e &hellip; <\/p>\n<p class=\"link-more\"><a href=\"https:\/\/www.arroiodotigre.rs.gov.br\/site\/historico-simbolos-e-hino\/\" class=\"more-link\">Continue lendo<span class=\"screen-reader-text\"> &#8220;Hist\u00f3rico, S\u00edmbolos e Hino.&#8221;<\/span><\/a><\/p>\n","protected":false},"author":2,"featured_media":0,"parent":0,"menu_order":0,"comment_status":"closed","ping_status":"closed","template":"","meta":{"footnotes":""},"class_list":["post-2125","page","type-page","status-publish","hentry","entry"],"_links":{"self":[{"href":"https:\/\/www.arroiodotigre.rs.gov.br\/site\/wp-json\/wp\/v2\/pages\/2125","targetHints":{"allow":["GET"]}}],"collection":[{"href":"https:\/\/www.arroiodotigre.rs.gov.br\/site\/wp-json\/wp\/v2\/pages"}],"about":[{"href":"https:\/\/www.arroiodotigre.rs.gov.br\/site\/wp-json\/wp\/v2\/types\/page"}],"author":[{"embeddable":true,"href":"https:\/\/www.arroiodotigre.rs.gov.br\/site\/wp-json\/wp\/v2\/users\/2"}],"replies":[{"embeddable":true,"href":"https:\/\/www.arroiodotigre.rs.gov.br\/site\/wp-json\/wp\/v2\/comments?post=2125"}],"version-history":[{"count":5,"href":"https:\/\/www.arroiodotigre.rs.gov.br\/site\/wp-json\/wp\/v2\/pages\/2125\/revisions"}],"predecessor-version":[{"id":2752,"href":"https:\/\/www.arroiodotigre.rs.gov.br\/site\/wp-json\/wp\/v2\/pages\/2125\/revisions\/2752"}],"wp:attachment":[{"href":"https:\/\/www.arroiodotigre.rs.gov.br\/site\/wp-json\/wp\/v2\/media?parent=2125"}],"curies":[{"name":"wp","href":"https:\/\/api.w.org\/{rel}","templated":true}]}}