{"id":3416,"date":"2021-08-25T10:54:55","date_gmt":"2021-08-25T13:54:55","guid":{"rendered":"http:\/\/www.arroiodotigre.rs.gov.br\/site\/?page_id=3416"},"modified":"2022-01-24T10:19:52","modified_gmt":"2022-01-24T13:19:52","slug":"ordem-dos-grupos-prioritarios-com-quantitativo-de-pessoas","status":"publish","type":"page","link":"http:\/\/www.arroiodotigre.rs.gov.br\/site\/ordem-dos-grupos-prioritarios-com-quantitativo-de-pessoas\/","title":{"rendered":"Ordem dos grupos priorit\u00e1rios com quantitativo de pessoas"},"content":{"rendered":"\t\t<div data-elementor-type=\"wp-page\" data-elementor-id=\"3416\" class=\"elementor elementor-3416\" data-elementor-post-type=\"page\">\n\t\t\t\t\t\t<div class=\"elementor-inner\">\n\t\t\t\t<div class=\"elementor-section-wrap\">\n\t\t\t\t\t\t\t\t\t<section class=\"elementor-section elementor-top-section elementor-element elementor-element-109f5a9 elementor-section-boxed elementor-section-height-default elementor-section-height-default\" data-id=\"109f5a9\" data-element_type=\"section\">\n\t\t\t\t\t\t<div class=\"elementor-container elementor-column-gap-default\">\n\t\t\t\t\t\t\t<div class=\"elementor-row\">\n\t\t\t\t\t<div class=\"elementor-column elementor-col-100 elementor-top-column elementor-element elementor-element-654929e\" data-id=\"654929e\" data-element_type=\"column\">\n\t\t\t<div class=\"elementor-column-wrap elementor-element-populated\">\n\t\t\t\t\t\t\t<div class=\"elementor-widget-wrap\">\n\t\t\t\t\t\t<div class=\"elementor-element elementor-element-a2df75a elementor-widget elementor-widget-image\" data-id=\"a2df75a\" data-element_type=\"widget\" data-widget_type=\"image.default\">\n\t\t\t\t<div class=\"elementor-widget-container\">\n\t\t\t\t\t\t\t\t<div class=\"elementor-image\">\n\t\t\t\t\t\t\t\t\t\t\t\t<img loading=\"lazy\" decoding=\"async\" width=\"640\" height=\"360\" src=\"http:\/\/www.arroiodotigre.rs.gov.br\/site\/wp-content\/uploads\/2021\/11\/saude-2-768x432.png\" class=\"attachment-medium_large size-medium_large wp-image-4577\" alt=\"\" srcset=\"http:\/\/www.arroiodotigre.rs.gov.br\/site\/wp-content\/uploads\/2021\/11\/saude-2-768x432.png 768w, http:\/\/www.arroiodotigre.rs.gov.br\/site\/wp-content\/uploads\/2021\/11\/saude-2-300x169.png 300w, http:\/\/www.arroiodotigre.rs.gov.br\/site\/wp-content\/uploads\/2021\/11\/saude-2-1024x576.png 1024w, http:\/\/www.arroiodotigre.rs.gov.br\/site\/wp-content\/uploads\/2021\/11\/saude-2-1536x864.png 1536w, http:\/\/www.arroiodotigre.rs.gov.br\/site\/wp-content\/uploads\/2021\/11\/saude-2-1568x882.png 1568w, http:\/\/www.arroiodotigre.rs.gov.br\/site\/wp-content\/uploads\/2021\/11\/saude-2.png 1920w\" sizes=\"auto, (max-width: 34.9rem) calc(100vw - 2rem), (max-width: 53rem) calc(8 * (100vw \/ 12)), (min-width: 53rem) calc(6 * (100vw \/ 12)), 100vw\" \/>\t\t\t\t\t\t\t\t\t\t\t\t\t\t<\/div>\n\t\t\t\t\t\t<\/div>\n\t\t\t\t<\/div>\n\t\t\t\t\t\t<\/div>\n\t\t\t\t\t<\/div>\n\t\t<\/div>\n\t\t\t\t\t\t\t\t<\/div>\n\t\t\t\t\t<\/div>\n\t\t<\/section>\n\t\t\t\t<section class=\"elementor-section elementor-top-section elementor-element elementor-element-d298cfe elementor-section-boxed elementor-section-height-default elementor-section-height-default\" data-id=\"d298cfe\" data-element_type=\"section\">\n\t\t\t\t\t\t<div class=\"elementor-container elementor-column-gap-default\">\n\t\t\t\t\t\t\t<div class=\"elementor-row\">\n\t\t\t\t\t<div class=\"elementor-column elementor-col-50 elementor-top-column elementor-element elementor-element-7a3102b\" data-id=\"7a3102b\" data-element_type=\"column\">\n\t\t\t<div class=\"elementor-column-wrap elementor-element-populated\">\n\t\t\t\t\t\t\t<div class=\"elementor-widget-wrap\">\n\t\t\t\t\t\t<div class=\"elementor-element elementor-element-afa361c elementor-widget elementor-widget-image\" data-id=\"afa361c\" data-element_type=\"widget\" data-widget_type=\"image.default\">\n\t\t\t\t<div class=\"elementor-widget-container\">\n\t\t\t\t\t\t\t\t<div class=\"elementor-image\">\n\t\t\t\t\t\t\t\t\t\t\t\t<img loading=\"lazy\" decoding=\"async\" width=\"640\" height=\"360\" src=\"http:\/\/www.arroiodotigre.rs.gov.br\/site\/wp-content\/uploads\/2021\/12\/saude-768x432.png\" class=\"attachment-medium_large size-medium_large wp-image-5239\" alt=\"\" srcset=\"http:\/\/www.arroiodotigre.rs.gov.br\/site\/wp-content\/uploads\/2021\/12\/saude-768x432.png 768w, http:\/\/www.arroiodotigre.rs.gov.br\/site\/wp-content\/uploads\/2021\/12\/saude-300x169.png 300w, http:\/\/www.arroiodotigre.rs.gov.br\/site\/wp-content\/uploads\/2021\/12\/saude-1024x576.png 1024w, http:\/\/www.arroiodotigre.rs.gov.br\/site\/wp-content\/uploads\/2021\/12\/saude-1536x864.png 1536w, http:\/\/www.arroiodotigre.rs.gov.br\/site\/wp-content\/uploads\/2021\/12\/saude-1568x882.png 1568w, http:\/\/www.arroiodotigre.rs.gov.br\/site\/wp-content\/uploads\/2021\/12\/saude.png 1920w\" sizes=\"auto, (max-width: 34.9rem) calc(100vw - 2rem), (max-width: 53rem) calc(8 * (100vw \/ 12)), (min-width: 53rem) calc(6 * (100vw \/ 12)), 100vw\" \/>\t\t\t\t\t\t\t\t\t\t\t\t\t\t<\/div>\n\t\t\t\t\t\t<\/div>\n\t\t\t\t<\/div>\n\t\t\t\t\t\t<\/div>\n\t\t\t\t\t<\/div>\n\t\t<\/div>\n\t\t\t\t<div class=\"elementor-column elementor-col-50 elementor-top-column elementor-element elementor-element-2470a51\" data-id=\"2470a51\" data-element_type=\"column\">\n\t\t\t<div class=\"elementor-column-wrap elementor-element-populated\">\n\t\t\t\t\t\t\t<div class=\"elementor-widget-wrap\">\n\t\t\t\t\t\t<div class=\"elementor-element elementor-element-4222953 elementor-widget elementor-widget-image\" data-id=\"4222953\" data-element_type=\"widget\" data-widget_type=\"image.default\">\n\t\t\t\t<div class=\"elementor-widget-container\">\n\t\t\t\t\t\t\t\t<div class=\"elementor-image\">\n\t\t\t\t\t\t\t\t\t\t\t\t<img loading=\"lazy\" decoding=\"async\" width=\"640\" height=\"360\" src=\"http:\/\/www.arroiodotigre.rs.gov.br\/site\/wp-content\/uploads\/2021\/10\/testes-5-1024x576.png\" class=\"attachment-large size-large wp-image-4488\" alt=\"\" srcset=\"http:\/\/www.arroiodotigre.rs.gov.br\/site\/wp-content\/uploads\/2021\/10\/testes-5-1024x576.png 1024w, http:\/\/www.arroiodotigre.rs.gov.br\/site\/wp-content\/uploads\/2021\/10\/testes-5-300x169.png 300w, http:\/\/www.arroiodotigre.rs.gov.br\/site\/wp-content\/uploads\/2021\/10\/testes-5-768x432.png 768w, http:\/\/www.arroiodotigre.rs.gov.br\/site\/wp-content\/uploads\/2021\/10\/testes-5-1536x864.png 1536w, http:\/\/www.arroiodotigre.rs.gov.br\/site\/wp-content\/uploads\/2021\/10\/testes-5-1568x882.png 1568w, http:\/\/www.arroiodotigre.rs.gov.br\/site\/wp-content\/uploads\/2021\/10\/testes-5.png 1920w\" sizes=\"auto, (max-width: 34.9rem) calc(100vw - 2rem), (max-width: 53rem) calc(8 * (100vw \/ 12)), (min-width: 53rem) calc(6 * (100vw \/ 12)), 100vw\" \/>\t\t\t\t\t\t\t\t\t\t\t\t\t\t<\/div>\n\t\t\t\t\t\t<\/div>\n\t\t\t\t<\/div>\n\t\t\t\t\t\t<\/div>\n\t\t\t\t\t<\/div>\n\t\t<\/div>\n\t\t\t\t\t\t\t\t<\/div>\n\t\t\t\t\t<\/div>\n\t\t<\/section>\n\t\t\t\t<section class=\"elementor-section elementor-top-section elementor-element elementor-element-988bdca elementor-section-boxed elementor-section-height-default elementor-section-height-default\" data-id=\"988bdca\" data-element_type=\"section\" data-settings=\"{&quot;background_background&quot;:&quot;classic&quot;}\">\n\t\t\t\t\t\t<div class=\"elementor-container elementor-column-gap-custom\">\n\t\t\t\t\t\t\t<div class=\"elementor-row\">\n\t\t\t\t\t<div class=\"elementor-column elementor-col-100 elementor-top-column elementor-element elementor-element-91a966c\" data-id=\"91a966c\" data-element_type=\"column\">\n\t\t\t<div class=\"elementor-column-wrap elementor-element-populated\">\n\t\t\t\t\t\t\t<div class=\"elementor-widget-wrap\">\n\t\t\t\t\t\t<div class=\"elementor-element elementor-element-4eebfe8 elementor-widget elementor-widget-text-editor\" data-id=\"4eebfe8\" data-element_type=\"widget\" data-widget_type=\"text-editor.default\">\n\t\t\t\t<div class=\"elementor-widget-container\">\n\t\t\t\t\t\t\t\t<div class=\"elementor-text-editor elementor-clearfix\">\n\t\t\t\t<figure class=\"wp-block-table\"><table><tbody><tr><td style=\"text-align: center;\"><span style=\"color: #000000;\"><strong><em>P\u00fablico<\/em><\/strong><\/span><\/td><td style=\"text-align: center;\"><span style=\"color: #000000;\"><strong><em>Estimativa de pessoas<\/em><\/strong><\/span><\/td><td style=\"text-align: center;\"><span style=\"color: #000000;\"><strong><em>\u00a0Data<\/em><\/strong><\/span><\/td><td style=\"text-align: center;\"><span style=\"color: #000000;\"><strong><em>Hor\u00e1rio<\/em><\/strong><\/span><\/td><td style=\"text-align: center;\"><strong><em><span style=\"color: #000000;\">Local<\/span><br \/><\/em><\/strong><\/td><\/tr><tr><td style=\"text-align: center;\"><strong><span style=\"color: #ff0000;\">DOSE REFOR\u00c7O<\/span><\/strong><\/td><td style=\"text-align: center;\">\u00a0<\/td><td style=\"text-align: center;\">16\/12\/2021<\/td><td style=\"text-align: center;\">8h \u00e0s 11h e 13h \u00e0s 15h<\/td><td style=\"text-align: center;\">Posto de Sa\u00fade Sede<\/td><\/tr><tr><td style=\"text-align: center;\"><span style=\"color: #ff0000;\"><strong>5 a 11 anos COM COMORBIDADES<\/strong><\/span><\/td><td style=\"text-align: center;\">\u00a0<\/td><td style=\"text-align: center;\">19\/01\/2022<\/td><td style=\"text-align: center;\">8h \u00e0s 11h<\/td><td style=\"text-align: center;\">Posto de Sa\u00fade Sede<\/td><\/tr><tr><td style=\"text-align: center;\">12 a 17 anos<\/td><td style=\"text-align: center;\">931 pessoas<\/td><td style=\"text-align: center;\">14\/12\/2021<\/td><td style=\"text-align: center;\">8h \u00e0s 11h<\/td><td style=\"text-align: center;\">Posto de Sa\u00fade Sede<\/td><\/tr><tr><td style=\"text-align: center;\">12 a 17 anos<\/td><td style=\"text-align: center;\">931 pessoas<\/td><td style=\"text-align: center;\">10\/12\/2021<\/td><td style=\"text-align: center;\">8h \u00e0s 11h e 13h \u00e0s 14h<\/td><td style=\"text-align: center;\">Posto de Sa\u00fade Sede<\/td><\/tr><tr><td style=\"text-align: center;\">18 anos<\/td><td style=\"text-align: center;\">197 pessoas<\/td><td style=\"text-align: center;\">2\/12\/2021<\/td><td style=\"text-align: center;\">8h \u00e0s 11h e 13h \u00e0s 14h<\/td><td style=\"text-align: center;\">Posto de Sa\u00fade Sede<\/td><\/tr><tr><td style=\"text-align: center;\">12 a 17 anos<\/td><td style=\"text-align: center;\">931 pessoas<\/td><td style=\"text-align: center;\">25\/11\/2021<\/td><td style=\"text-align: center;\">8h \u00e0s 11h e 13h \u00e0s 15h<\/td><td style=\"text-align: center;\">Posto de Sa\u00fade Sede<\/td><\/tr><tr><td style=\"text-align: center;\"><span style=\"color: #ff0000;\"><strong>VACINA DOSE 2 PARA ADOLESCENTES<\/strong><\/span><\/td><td style=\"text-align: center;\">\u00a0<\/td><td style=\"text-align: center;\">20\/11\/2021<\/td><td style=\"text-align: center;\">8h \u00e0s 13h30<\/td><td style=\"text-align: center;\">Posto de Sa\u00fade Sede<\/td><\/tr><tr><td style=\"text-align: center;\">12 a 17 anos<\/td><td style=\"text-align: center;\">931 pessoas<\/td><td style=\"text-align: center;\">11\/11\/2021<\/td><td style=\"text-align: center;\">8h \u00e0s 11h e 13h \u00e0s 15h<\/td><td style=\"text-align: center;\">Posto de Sa\u00fade Sede<\/td><\/tr><tr><td style=\"text-align: center;\"><strong><span style=\"color: #ff0000;\">VACINA DOSE 2<\/span><\/strong><\/td><td style=\"text-align: center;\">\u00a0<\/td><td style=\"text-align: center;\">06\/11\/2021<\/td><td style=\"text-align: center;\">8h \u00e0s 14h<\/td><td style=\"text-align: center;\">Posto de Sa\u00fade Sede<\/td><\/tr><tr><td style=\"text-align: center;\"><strong><span style=\"color: #ff0000;\">VACINA DOSE 2<\/span><\/strong><\/td><td style=\"text-align: center;\">\u00a0<\/td><td style=\"text-align: center;\">02\/11\/2021<\/td><td style=\"text-align: center;\">8h \u00e0s 11h<\/td><td style=\"text-align: center;\">Posto de Sa\u00fade Sede<\/td><\/tr><tr><td style=\"text-align: center;\"><strong><span style=\"color: #ff0000;\">VACINA DOSE 2 e 3<\/span><\/strong><\/td><td style=\"text-align: center;\">\u00a0<\/td><td style=\"text-align: center;\">30\/10\/2021<\/td><td style=\"text-align: center;\">8h \u00e0s 12h<\/td><td style=\"text-align: center;\">Posto de Sa\u00fade Sede<\/td><\/tr><tr><td style=\"text-align: center;\">18 anos<\/td><td style=\"text-align: center;\">197 pessoas<\/td><td style=\"text-align: center;\">26\/10\/2021<\/td><td style=\"text-align: center;\">8h \u00e0s 11h30 e 13h \u00e0s 15h<\/td><td style=\"text-align: center;\">Posto de Sa\u00fade Sede<\/td><\/tr><tr><td style=\"text-align: center;\">13, 14, 15, 16 e 17 anos<\/td><td style=\"text-align: center;\">878 pessoas<\/td><td style=\"text-align: center;\">23\/10\/2021<\/td><td style=\"text-align: center;\">8h \u00e0s 13h<\/td><td style=\"text-align: center;\">Posto de Sa\u00fade Sede<\/td><\/tr><tr><td style=\"text-align: center;\">18 anos<\/td><td style=\"text-align: center;\">197 pessoas<\/td><td style=\"text-align: center;\">18\/10\/2021<\/td><td style=\"text-align: center;\">8h \u00e0s 11h30 e 13h \u00e0s 15h<\/td><td style=\"text-align: center;\">Posto de Sa\u00fade Sede<\/td><\/tr><tr><td style=\"text-align: center;\"><strong><span style=\"color: #ff0000;\">VACINA DOSE 2<\/span><\/strong><\/td><td style=\"text-align: center;\">\u00a0<\/td><td style=\"text-align: center;\">18\/10 at\u00e9 22\/10<\/td><td style=\"text-align: center;\">8h \u00e0s 11h30<\/td><td style=\"text-align: center;\">Posto de Sa\u00fade Sede<\/td><\/tr><tr><td style=\"text-align: center;\"><span style=\"color: #ff0000;\"><strong>VACINA DOSE 3<\/strong><\/span><\/td><td style=\"text-align: center;\">\u00a0<\/td><td style=\"text-align: center;\">18\/10 at\u00e9 22\/10<\/td><td style=\"text-align: center;\">8h \u00e0s 11h30<\/td><td style=\"text-align: center;\">Posto de Sa\u00fade Sede<\/td><\/tr><tr><td style=\"text-align: center;\"><strong><span style=\"color: #ff0000;\">DOSE 3 para trabalhadores da Sa\u00fade<\/span><\/strong><\/td><td style=\"text-align: center;\">\u00a0<\/td><td style=\"text-align: center;\">16\/10\/2021<\/td><td style=\"text-align: center;\">8h \u00e0s 13h<\/td><td style=\"text-align: center;\">Posto de Sa\u00fade Sede<\/td><\/tr><tr><td style=\"text-align: center;\"><strong><span style=\"color: #ff0000;\">DOSE 3 para 70 anos<\/span><\/strong><\/td><td style=\"text-align: center;\">\u00a0<\/td><td style=\"text-align: center;\">06\/10\/2021<\/td><td style=\"text-align: center;\">8h \u00e0s 11h e 13h \u00e0s 16h<\/td><td style=\"text-align: center;\">Posto de Sa\u00fade Sede<\/td><\/tr><tr><td style=\"text-align: center;\">15, 16 e 17 anos<\/td><td style=\"text-align: center;\">580 pessoas<\/td><td style=\"text-align: center;\">06\/10\/2021<\/td><td style=\"text-align: center;\">8h \u00e0s 11h e 13h \u00e0s 16h<\/td><td style=\"text-align: center;\">Posto de Sa\u00fade Sede<\/td><\/tr><tr><td style=\"text-align: center;\"><strong><span style=\"color: #ff0000;\">VACINA DOSE 2<\/span><\/strong><\/td><td style=\"text-align: center;\">\u00a0<\/td><td style=\"text-align: center;\">02\/10\/2021<\/td><td style=\"text-align: center;\">8h \u00e0s 15h<\/td><td style=\"text-align: center;\">Posto de Sa\u00fade Sede<\/td><\/tr><tr><td style=\"text-align: center;\">16 e 17 anos<\/td><td style=\"text-align: center;\">395 pessoas<\/td><td style=\"text-align: center;\">01\/10\/2021<\/td><td style=\"text-align: center;\">7h30 \u00e0s 11h e 13h \u00e0s 16h<\/td><td style=\"text-align: center;\">Posto de Sa\u00fade Sede<\/td><\/tr><tr><td style=\"text-align: center;\">18 anos<\/td><td style=\"text-align: center;\">197 pessoas<\/td><td style=\"text-align: center;\">30\/09\/2021<\/td><td style=\"text-align: center;\">7h30 \u00e0s 11h e 13h \u00e0s 16h<\/td><td style=\"text-align: center;\">Posto de Sa\u00fade Sede<\/td><\/tr><tr><td style=\"text-align: center;\">16 e 17 anos<\/td><td style=\"text-align: center;\">395 pessoas<\/td><td style=\"text-align: center;\">25\/09\/2021<\/td><td style=\"text-align: center;\">8h \u00e0s 13h<\/td><td style=\"text-align: center;\">Posto de Sa\u00fade Sede<\/td><\/tr><tr><td style=\"text-align: center;\">18 anos<\/td><td style=\"text-align: center;\">197 pessoas<\/td><td style=\"text-align: center;\">24\/09\/2021<\/td><td style=\"text-align: center;\">8h \u00e0s 11h<\/td><td style=\"text-align: center;\">Posto de Sa\u00fade Sede<\/td><\/tr><tr><td style=\"text-align: center;\"><strong><span style=\"color: #ff0000;\">VACINA DOSE 3<\/span><\/strong><\/td><td style=\"text-align: center;\">Todos os idosos acima de 70<\/td><td style=\"text-align: center;\">23\/09\/2021<\/td><td style=\"text-align: center;\">17h \u00e0s 19h<\/td><td style=\"text-align: center;\">Posto de Sa\u00fade Sede<\/td><\/tr><tr><td style=\"text-align: center;\"><strong><span style=\"color: #ff0000;\">VACINA DOSE 2<\/span><\/strong><\/td><td style=\"text-align: center;\">Pessoas agendadas para 18\/09 e 20\/09<\/td><td style=\"text-align: center;\">18\/09\/2021<\/td><td style=\"text-align: center;\">8h \u00e0s 14h<\/td><td style=\"text-align: center;\">Posto de Sa\u00fade Sede<\/td><\/tr><tr><td style=\"text-align: center;\">18 anos<\/td><td style=\"text-align: center;\">197 pessoas<\/td><td style=\"text-align: center;\">15\/09\/2021<\/td><td style=\"text-align: center;\">8h \u00e0s 11h e 13h \u00e0s 15h<\/td><td style=\"text-align: center;\">Posto de Sa\u00fade Sede<\/td><\/tr><tr><td style=\"text-align: center;\"><strong><span style=\"color: #ff0000;\">VACINA DOSE 2<\/span><\/strong><\/td><td style=\"text-align: center;\">\u00a0<\/td><td style=\"text-align: center;\">10\/09\/2021<\/td><td style=\"text-align: center;\">17h \u00e0s 19h30<\/td><td style=\"text-align: center;\">Posto de Sa\u00fade Sede<\/td><\/tr><tr><td style=\"text-align: center;\"><strong><span style=\"color: #ff0000;\">VACINA DOSE 2<\/span><\/strong><\/td><td style=\"text-align: center;\">\u00a0<\/td><td style=\"text-align: center;\">07\/09\/2021<\/td><td style=\"text-align: center;\">17h \u00e0s 20h<\/td><td style=\"text-align: center;\">Posto de Sa\u00fade Sede<\/td><\/tr><tr><td style=\"text-align: center;\">18 anos<\/td><td style=\"text-align: center;\">197 pessoas<\/td><td style=\"text-align: center;\">02\/09\/2021<\/td><td style=\"text-align: center;\">17h \u00e0s 20h<\/td><td style=\"text-align: center;\">Posto de Sa\u00fade Sede<\/td><\/tr><tr><td style=\"text-align: center;\">18 anos<\/td><td style=\"text-align: center;\">197 pessoas<\/td><td style=\"text-align: center;\">31\/08\/2021<\/td><td style=\"text-align: center;\">8h \u00e0s 11h e 13h \u00e0s 16h<\/td><td style=\"text-align: center;\">Posto de Sa\u00fade Sede<\/td><\/tr><tr><td style=\"text-align: center;\">19 e 18 anos<\/td><td style=\"text-align: center;\">387 pessoas<\/td><td style=\"text-align: center;\">25\/08\/2021<\/td><td style=\"text-align: center;\">8h \u00e0s 11h e 13h \u00e0s 16h<\/td><td style=\"text-align: center;\">Posto de Sa\u00fade Sede<\/td><\/tr><tr><td style=\"text-align: center;\">20 anos<\/td><td style=\"text-align: center;\">162 pessoas<\/td><td style=\"text-align: center;\">24\/08\/2021<\/td><td style=\"text-align: center;\">8h \u00e0s 11h e 13h \u00e0s 16h<\/td><td style=\"text-align: center;\">Posto de Sa\u00fade Sede<\/td><\/tr><tr><td style=\"text-align: center;\">21 anos<\/td><td style=\"text-align: center;\">186 pessoas<\/td><td style=\"text-align: center;\">20\/08\/2021<\/td><td style=\"text-align: center;\">8h \u00e0s 11h e 13h \u00e0s 16h<\/td><td style=\"text-align: center;\">Posto de Sa\u00fade Sede<\/td><\/tr><tr><td style=\"text-align: center;\">22 anos<\/td><td style=\"text-align: center;\">200 pessoas<\/td><td style=\"text-align: center;\">18\/08\/2021<\/td><td style=\"text-align: center;\">8h \u00e0s 11h e 13h \u00e0s 16h<\/td><td style=\"text-align: center;\">Posto de Sa\u00fade Sede<\/td><\/tr><tr><td style=\"text-align: center;\">23 anos<\/td><td style=\"text-align: center;\">182 pessoas<\/td><td style=\"text-align: center;\">17\/08\/2021<\/td><td style=\"text-align: center;\">8h \u00e0s 11h e 13h \u00e0s 16h<\/td><td style=\"text-align: center;\">Posto de Sa\u00fade Sede<\/td><\/tr><tr><td style=\"text-align: center;\">24 anos<\/td><td style=\"text-align: center;\">187 pessoas<\/td><td style=\"text-align: center;\">14\/08\/2021<\/td><td style=\"text-align: center;\">8h \u00e0s 11h e 13h \u00e0s 16h<\/td><td style=\"text-align: center;\">Posto de Sa\u00fade Sede<\/td><\/tr><tr><td style=\"text-align: center;\">27 anos<\/td><td style=\"text-align: center;\">182 pessoas<\/td><td style=\"text-align: center;\">13\/08\/2021<\/td><td style=\"text-align: center;\">8h \u00e0s 11h e 13h \u00e0s 16h<\/td><td style=\"text-align: center;\">Posto de Sa\u00fade Sede<\/td><\/tr><tr><td style=\"text-align: center;\">28 anos<\/td><td style=\"text-align: center;\">160 pessoas<\/td><td style=\"text-align: center;\">12\/08\/2021<\/td><td style=\"text-align: center;\">8h \u00e0s 11h e 13h \u00e0s 16h<\/td><td style=\"text-align: center;\">Posto de Sa\u00fade Sede<\/td><\/tr><tr><td style=\"text-align: center;\">28 anos<\/td><td style=\"text-align: center;\">160 pessoas<\/td><td style=\"text-align: center;\">12\/08\/2021<\/td><td style=\"text-align: center;\">8h \u00e0s 11h<\/td><td style=\"text-align: center;\">Posto Tabo\u00e3ozinho<\/td><\/tr><tr><td style=\"text-align: center;\">28 anos<\/td><td style=\"text-align: center;\">160 pessoas<\/td><td style=\"text-align: center;\">12\/08\/2021<\/td><td style=\"text-align: center;\">8h \u00e0s 11h<\/td><td style=\"text-align: center;\">Posto Coloninha<\/td><\/tr><tr><td style=\"text-align: center;\">28 anos<\/td><td style=\"text-align: center;\">160 pessoas<\/td><td style=\"text-align: center;\">12\/08\/2021<\/td><td style=\"text-align: center;\">8h \u00e0s 11h<\/td><td style=\"text-align: center;\">Posto ESF Unidos pela Sa\u00fade<br \/>Posto S\u00edtio Alto<\/td><\/tr><tr><td style=\"text-align: center;\">29 anos<\/td><td style=\"text-align: center;\">178 pessoas<\/td><td style=\"text-align: center;\">10\/08\/2021<\/td><td style=\"text-align: center;\">8h \u00e0s 11h e 13h \u00e0s 16h<\/td><td style=\"text-align: center;\">Posto de Sa\u00fade Sede<\/td><\/tr><tr><td style=\"text-align: center;\">30 anos<\/td><td style=\"text-align: center;\">183 pessoas<\/td><td style=\"text-align: center;\">10\/08\/2021<\/td><td style=\"text-align: center;\">8h \u00e0s 11h e 13h \u00e0s 16h<\/td><td style=\"text-align: center;\">Posto de Sa\u00fade Sede<\/td><\/tr><tr><td style=\"text-align: center;\">30 anos<\/td><td style=\"text-align: center;\">183 pessoas<\/td><td style=\"text-align: center;\">07\/08\/2021<\/td><td style=\"text-align: center;\">8h \u00e0s 11h<\/td><td style=\"text-align: center;\">Posto de Sa\u00fade Sede<\/td><\/tr><tr><td style=\"text-align: center;\"><strong><span style=\"color: #ff0000;\">VACINA DOSE 2<\/span><\/strong><\/td><td style=\"text-align: center;\">\u00a0<\/td><td style=\"text-align: center;\">07\/08\/2021<\/td><td style=\"text-align: center;\">8h \u00e0s 13h<\/td><td style=\"text-align: center;\">ESF Unidos pela Sa\u00fade &#8211; S\u00edtio Alto, Coloninha e Tabo\u00e3ozinho<\/td><\/tr><tr><td style=\"text-align: center;\">30 anos<\/td><td style=\"text-align: center;\">183 pessoas<\/td><td style=\"text-align: center;\">04\/08\/2021<\/td><td style=\"text-align: center;\">8h \u00e0s 11h e 13h \u00e0s 16h<\/td><td style=\"text-align: center;\">Posto de Sa\u00fade Sede<\/td><\/tr><tr><td style=\"text-align: center;\">12 a 17 <span style=\"color: #ff0000;\"><strong>*COM COMORBIDADES*<\/strong><\/span><\/td><td style=\"text-align: center;\">\u00a0<\/td><td style=\"text-align: center;\">03\/08\/2021<\/td><td style=\"text-align: center;\">8h \u00e0s 11h e 13h \u00e0s 16h<\/td><td style=\"text-align: center;\">Posto de Sa\u00fade Sede<\/td><\/tr><tr><td style=\"text-align: center;\">32 anos<\/td><td style=\"text-align: center;\">204 pessoas<\/td><td style=\"text-align: center;\">31\/07\/2021<\/td><td style=\"text-align: center;\">8h \u00e0s 11h e 13h \u00e0s 16h<\/td><td style=\"text-align: center;\">Posto de Sa\u00fade Sede<\/td><\/tr><tr><td style=\"text-align: center;\">33 anos<\/td><td style=\"text-align: center;\">172 pessoas<\/td><td style=\"text-align: center;\">23\/07\/2021<\/td><td style=\"text-align: center;\">8h \u00e0s 11h e 13h \u00e0s 16h<\/td><td style=\"text-align: center;\">Posto de Sa\u00fade Sede<\/td><\/tr><tr><td style=\"text-align: center;\">34 anos<\/td><td style=\"text-align: center;\">173 pessoas<\/td><td style=\"text-align: center;\">20\/07\/2021<\/td><td style=\"text-align: center;\">8h \u00e0s 11h e 13h \u00e0s 16h<\/td><td style=\"text-align: center;\">Posto de Sa\u00fade Sede<\/td><\/tr><tr><td style=\"text-align: center;\">37, 38 e 39 anos<\/td><td style=\"text-align: center;\">598 pessoas<\/td><td style=\"text-align: center;\">10\/07\/2021<\/td><td style=\"text-align: center;\">8h \u00e0s 14h<\/td><td style=\"text-align: center;\">Posto de Sa\u00fade Sede<\/td><\/tr><tr><td style=\"text-align: center;\">40 anos<\/td><td style=\"text-align: center;\">188 pessoas<\/td><td style=\"text-align: center;\">09\/07\/2021<\/td><td style=\"text-align: center;\">8h \u00e0s 11h e 13h \u00e0s 16h<\/td><td style=\"text-align: center;\">Posto de Sa\u00fade Sede e Posto de Sa\u00fade S\u00edtio Alto<\/td><\/tr><tr><td style=\"text-align: center;\">41 e 42 anos<\/td><td style=\"text-align: center;\">385 pessoas<\/td><td style=\"text-align: center;\">08\/07\/2021<\/td><td style=\"text-align: center;\">8h \u00e0s 11h e 13h \u00e0s 16h<\/td><td style=\"text-align: center;\">Posto de Sa\u00fade Sede<\/td><\/tr><tr><td style=\"text-align: center;\">43 e 44 anos<\/td><td style=\"text-align: center;\">350 pessoas<\/td><td style=\"text-align: center;\">06\/07\/2021<\/td><td style=\"text-align: center;\">8h \u00e0s 11h e 13h \u00e0s 16h<\/td><td style=\"text-align: center;\">Posto de Sa\u00fade Sede<\/td><\/tr><\/tbody><\/table><\/figure>\t\t\t\t\t<\/div>\n\t\t\t\t\t\t<\/div>\n\t\t\t\t<\/div>\n\t\t\t\t\t\t<\/div>\n\t\t\t\t\t<\/div>\n\t\t<\/div>\n\t\t\t\t\t\t\t\t<\/div>\n\t\t\t\t\t<\/div>\n\t\t<\/section>\n\t\t\t\t\t\t\t\t\t<\/div>\n\t\t\t<\/div>\n\t\t\t\t\t<\/div>\n\t\t","protected":false},"excerpt":{"rendered":"<p>P\u00fablico Estimativa de pessoas \u00a0Data Hor\u00e1rio Local DOSE REFOR\u00c7O \u00a0 16\/12\/2021 8h \u00e0s 11h e 13h \u00e0s 15h Posto de Sa\u00fade Sede 5 a 11 anos COM COMORBIDADES \u00a0 19\/01\/2022 8h \u00e0s 11h Posto de Sa\u00fade Sede 12 a 17 anos 931 pessoas 14\/12\/2021 8h \u00e0s 11h Posto de Sa\u00fade Sede 12 a 17 anos &hellip; <\/p>\n<p class=\"link-more\"><a href=\"http:\/\/www.arroiodotigre.rs.gov.br\/site\/ordem-dos-grupos-prioritarios-com-quantitativo-de-pessoas\/\" class=\"more-link\">Continue lendo<span class=\"screen-reader-text\"> &#8220;Ordem dos grupos priorit\u00e1rios com quantitativo de pessoas&#8221;<\/span><\/a><\/p>\n","protected":false},"author":3,"featured_media":0,"parent":0,"menu_order":0,"comment_status":"closed","ping_status":"closed","template":"","meta":{"footnotes":""},"class_list":["post-3416","page","type-page","status-publish","hentry","entry"],"_links":{"self":[{"href":"http:\/\/www.arroiodotigre.rs.gov.br\/site\/wp-json\/wp\/v2\/pages\/3416","targetHints":{"allow":["GET"]}}],"collection":[{"href":"http:\/\/www.arroiodotigre.rs.gov.br\/site\/wp-json\/wp\/v2\/pages"}],"about":[{"href":"http:\/\/www.arroiodotigre.rs.gov.br\/site\/wp-json\/wp\/v2\/types\/page"}],"author":[{"embeddable":true,"href":"http:\/\/www.arroiodotigre.rs.gov.br\/site\/wp-json\/wp\/v2\/users\/3"}],"replies":[{"embeddable":true,"href":"http:\/\/www.arroiodotigre.rs.gov.br\/site\/wp-json\/wp\/v2\/comments?post=3416"}],"version-history":[{"count":188,"href":"http:\/\/www.arroiodotigre.rs.gov.br\/site\/wp-json\/wp\/v2\/pages\/3416\/revisions"}],"predecessor-version":[{"id":5413,"href":"http:\/\/www.arroiodotigre.rs.gov.br\/site\/wp-json\/wp\/v2\/pages\/3416\/revisions\/5413"}],"wp:attachment":[{"href":"http:\/\/www.arroiodotigre.rs.gov.br\/site\/wp-json\/wp\/v2\/media?parent=3416"}],"curies":[{"name":"wp","href":"https:\/\/api.w.org\/{rel}","templated":true}]}}