{"id":2900,"date":"2021-08-11T09:30:46","date_gmt":"2021-08-11T12:30:46","guid":{"rendered":"http:\/\/www.arroiodotigre.rs.gov.br\/site\/?page_id=2900"},"modified":"2021-08-11T10:42:08","modified_gmt":"2021-08-11T13:42:08","slug":"noticias-sobre-educacao","status":"publish","type":"page","link":"http:\/\/www.arroiodotigre.rs.gov.br\/site\/noticias-sobre-educacao\/","title":{"rendered":"Not\u00edcias sobre Educa\u00e7\u00e3o"},"content":{"rendered":"\t\t<div data-elementor-type=\"wp-page\" data-elementor-id=\"2900\" class=\"elementor elementor-2900\" data-elementor-post-type=\"page\">\n\t\t\t\t\t\t<div class=\"elementor-inner\">\n\t\t\t\t<div class=\"elementor-section-wrap\">\n\t\t\t\t\t\t\t\t\t<section class=\"elementor-section elementor-top-section elementor-element elementor-element-a58f4f1 elementor-section-boxed elementor-section-height-default elementor-section-height-default\" data-id=\"a58f4f1\" data-element_type=\"section\">\n\t\t\t\t\t\t<div class=\"elementor-container elementor-column-gap-default\">\n\t\t\t\t\t\t\t<div class=\"elementor-row\">\n\t\t\t\t\t<div class=\"elementor-column elementor-col-100 elementor-top-column elementor-element elementor-element-c14fa35\" data-id=\"c14fa35\" data-element_type=\"column\">\n\t\t\t<div class=\"elementor-column-wrap elementor-element-populated\">\n\t\t\t\t\t\t\t<div class=\"elementor-widget-wrap\">\n\t\t\t\t\t\t<div class=\"elementor-element elementor-element-2dfaab9 elementor-grid-3 elementor-grid-tablet-2 elementor-grid-mobile-1 elementor-posts--thumbnail-top elementor-widget elementor-widget-posts\" data-id=\"2dfaab9\" data-element_type=\"widget\" data-settings=\"{&quot;classic_columns&quot;:&quot;3&quot;,&quot;classic_columns_tablet&quot;:&quot;2&quot;,&quot;classic_columns_mobile&quot;:&quot;1&quot;,&quot;classic_row_gap&quot;:{&quot;unit&quot;:&quot;px&quot;,&quot;size&quot;:35,&quot;sizes&quot;:[]},&quot;classic_row_gap_tablet&quot;:{&quot;unit&quot;:&quot;px&quot;,&quot;size&quot;:&quot;&quot;,&quot;sizes&quot;:[]},&quot;classic_row_gap_mobile&quot;:{&quot;unit&quot;:&quot;px&quot;,&quot;size&quot;:&quot;&quot;,&quot;sizes&quot;:[]}}\" data-widget_type=\"posts.classic\">\n\t\t\t\t<div class=\"elementor-widget-container\">\n\t\t\t\t\t<div class=\"elementor-posts-container elementor-posts elementor-posts--skin-classic elementor-grid\">\n\t\t\t\t<article class=\"elementor-post elementor-grid-item post-11924 post type-post status-publish format-standard has-post-thumbnail hentry category-educacao entry\">\n\t\t\t\t<a class=\"elementor-post__thumbnail__link\" href=\"http:\/\/www.arroiodotigre.rs.gov.br\/site\/2024\/02\/16\/profissionais-participam-de-capacitacao-sobre-merenda-escolar\/\" >\n\t\t\t<div class=\"elementor-post__thumbnail\"><img loading=\"lazy\" decoding=\"async\" width=\"300\" height=\"225\" src=\"http:\/\/www.arroiodotigre.rs.gov.br\/site\/wp-content\/uploads\/2024\/02\/PROFISSIONAIS-PARTICIPAM-DE-CAPACITACAO-SOBRE-MERENDA-ESCOLAR-300x225.jpg\" class=\"attachment-medium size-medium wp-image-11925\" alt=\"\" srcset=\"http:\/\/www.arroiodotigre.rs.gov.br\/site\/wp-content\/uploads\/2024\/02\/PROFISSIONAIS-PARTICIPAM-DE-CAPACITACAO-SOBRE-MERENDA-ESCOLAR-300x225.jpg 300w, http:\/\/www.arroiodotigre.rs.gov.br\/site\/wp-content\/uploads\/2024\/02\/PROFISSIONAIS-PARTICIPAM-DE-CAPACITACAO-SOBRE-MERENDA-ESCOLAR-1024x768.jpg 1024w, http:\/\/www.arroiodotigre.rs.gov.br\/site\/wp-content\/uploads\/2024\/02\/PROFISSIONAIS-PARTICIPAM-DE-CAPACITACAO-SOBRE-MERENDA-ESCOLAR-768x576.jpg 768w, http:\/\/www.arroiodotigre.rs.gov.br\/site\/wp-content\/uploads\/2024\/02\/PROFISSIONAIS-PARTICIPAM-DE-CAPACITACAO-SOBRE-MERENDA-ESCOLAR-1536x1153.jpg 1536w, http:\/\/www.arroiodotigre.rs.gov.br\/site\/wp-content\/uploads\/2024\/02\/PROFISSIONAIS-PARTICIPAM-DE-CAPACITACAO-SOBRE-MERENDA-ESCOLAR-1568x1177.jpg 1568w, http:\/\/www.arroiodotigre.rs.gov.br\/site\/wp-content\/uploads\/2024\/02\/PROFISSIONAIS-PARTICIPAM-DE-CAPACITACAO-SOBRE-MERENDA-ESCOLAR.jpg 1599w\" sizes=\"auto, (max-width: 300px) 100vw, 300px\" \/><\/div>\n\t\t<\/a>\n\t\t\t\t<div class=\"elementor-post__text\">\n\t\t\t\t<h3 class=\"elementor-post__title\">\n\t\t\t<a href=\"http:\/\/www.arroiodotigre.rs.gov.br\/site\/2024\/02\/16\/profissionais-participam-de-capacitacao-sobre-merenda-escolar\/\" >\n\t\t\t\tPROFISSIONAIS PARTICIPAM DE CAPACITA\u00c7\u00c3O SOBRE MERENDA ESCOLAR\t\t\t<\/a>\n\t\t<\/h3>\n\t\t\t\t<div class=\"elementor-post__meta-data\">\n\t\t\t\t\t<span class=\"elementor-post-date\">\n\t\t\t16 de fevereiro de 2024\t\t<\/span>\n\t\t\t\t<span class=\"elementor-post-avatar\">\n\t\t\tNenhum coment\u00e1rio\t\t<\/span>\n\t\t\t\t<\/div>\n\t\t\t\t<div class=\"elementor-post__excerpt\">\n\t\t\t<p>No dia 5 de fevereiro, a nutricionista da Secretaria Municipal de Educa\u00e7\u00e3o e Cultura (SMEC) de Arroio do Tigre, Liana Linassi, conduziu uma capacita\u00e7\u00e3o abrangente<\/p>\n\t\t<\/div>\n\t\t\n\t\t<a class=\"elementor-post__read-more\" href=\"http:\/\/www.arroiodotigre.rs.gov.br\/site\/2024\/02\/16\/profissionais-participam-de-capacitacao-sobre-merenda-escolar\/\" aria-label=\"Read more about PROFISSIONAIS PARTICIPAM DE CAPACITA\u00c7\u00c3O SOBRE MERENDA ESCOLAR\" >\n\t\t\tRead More \u00bb\t\t<\/a>\n\n\t\t\t\t<\/div>\n\t\t\t\t<\/article>\n\t\t\t\t<article class=\"elementor-post elementor-grid-item post-11921 post type-post status-publish format-standard has-post-thumbnail hentry category-educacao entry\">\n\t\t\t\t<a class=\"elementor-post__thumbnail__link\" href=\"http:\/\/www.arroiodotigre.rs.gov.br\/site\/2024\/02\/16\/professores-e-monitores-de-educacao-infantil-participam-de-formacao-sobre-manejo-comportamental\/\" >\n\t\t\t<div class=\"elementor-post__thumbnail\"><img loading=\"lazy\" decoding=\"async\" width=\"300\" height=\"225\" src=\"http:\/\/www.arroiodotigre.rs.gov.br\/site\/wp-content\/uploads\/2024\/02\/PROFESSORES-E-MONITORES-DE-EDUCACAO-INFANTIL-PARTICIPAM-DE-FORMACAO-SOBRE-MANEJO-COMPORTAMENTAL-300x225.jpg\" class=\"attachment-medium size-medium wp-image-11922\" alt=\"\" srcset=\"http:\/\/www.arroiodotigre.rs.gov.br\/site\/wp-content\/uploads\/2024\/02\/PROFESSORES-E-MONITORES-DE-EDUCACAO-INFANTIL-PARTICIPAM-DE-FORMACAO-SOBRE-MANEJO-COMPORTAMENTAL-300x225.jpg 300w, http:\/\/www.arroiodotigre.rs.gov.br\/site\/wp-content\/uploads\/2024\/02\/PROFESSORES-E-MONITORES-DE-EDUCACAO-INFANTIL-PARTICIPAM-DE-FORMACAO-SOBRE-MANEJO-COMPORTAMENTAL-1024x768.jpg 1024w, http:\/\/www.arroiodotigre.rs.gov.br\/site\/wp-content\/uploads\/2024\/02\/PROFESSORES-E-MONITORES-DE-EDUCACAO-INFANTIL-PARTICIPAM-DE-FORMACAO-SOBRE-MANEJO-COMPORTAMENTAL-768x576.jpg 768w, http:\/\/www.arroiodotigre.rs.gov.br\/site\/wp-content\/uploads\/2024\/02\/PROFESSORES-E-MONITORES-DE-EDUCACAO-INFANTIL-PARTICIPAM-DE-FORMACAO-SOBRE-MANEJO-COMPORTAMENTAL.jpg 1280w\" sizes=\"auto, (max-width: 300px) 100vw, 300px\" \/><\/div>\n\t\t<\/a>\n\t\t\t\t<div class=\"elementor-post__text\">\n\t\t\t\t<h3 class=\"elementor-post__title\">\n\t\t\t<a href=\"http:\/\/www.arroiodotigre.rs.gov.br\/site\/2024\/02\/16\/professores-e-monitores-de-educacao-infantil-participam-de-formacao-sobre-manejo-comportamental\/\" >\n\t\t\t\tPROFESSORES E MONITORES DE EDUCA\u00c7\u00c3O INFANTIL PARTICIPAM DE FORMA\u00c7\u00c3O SOBRE MANEJO COMPORTAMENTAL\t\t\t<\/a>\n\t\t<\/h3>\n\t\t\t\t<div class=\"elementor-post__meta-data\">\n\t\t\t\t\t<span class=\"elementor-post-date\">\n\t\t\t16 de fevereiro de 2024\t\t<\/span>\n\t\t\t\t<span class=\"elementor-post-avatar\">\n\t\t\tNenhum coment\u00e1rio\t\t<\/span>\n\t\t\t\t<\/div>\n\t\t\t\t<div class=\"elementor-post__excerpt\">\n\t\t\t<p>Nos dias 5 e 7 de fevereiro, a Psicopedagoga da Secretaria Municipal de Educa\u00e7\u00e3o e Cultura (SMEC) de Arroio do Tigre, Lisielle Zanella, conduziu uma<\/p>\n\t\t<\/div>\n\t\t\n\t\t<a class=\"elementor-post__read-more\" href=\"http:\/\/www.arroiodotigre.rs.gov.br\/site\/2024\/02\/16\/professores-e-monitores-de-educacao-infantil-participam-de-formacao-sobre-manejo-comportamental\/\" aria-label=\"Read more about PROFESSORES E MONITORES DE EDUCA\u00c7\u00c3O INFANTIL PARTICIPAM DE FORMA\u00c7\u00c3O SOBRE MANEJO COMPORTAMENTAL\" >\n\t\t\tRead More \u00bb\t\t<\/a>\n\n\t\t\t\t<\/div>\n\t\t\t\t<\/article>\n\t\t\t\t<article class=\"elementor-post elementor-grid-item post-11918 post type-post status-publish format-standard has-post-thumbnail hentry category-educacao entry\">\n\t\t\t\t<a class=\"elementor-post__thumbnail__link\" href=\"http:\/\/www.arroiodotigre.rs.gov.br\/site\/2024\/02\/16\/metodologias-na-educacao-infantil-e-tema-de-formacao-para-professores\/\" >\n\t\t\t<div class=\"elementor-post__thumbnail\"><img loading=\"lazy\" decoding=\"async\" width=\"300\" height=\"135\" src=\"http:\/\/www.arroiodotigre.rs.gov.br\/site\/wp-content\/uploads\/2024\/02\/METODOLOGIAS-NA-EDUCACAO-INFANTIL-E-TEMA-DE-FORMACAO-PARA-PROFESSORES-2-300x135.jpg\" class=\"attachment-medium size-medium wp-image-11919\" alt=\"\" srcset=\"http:\/\/www.arroiodotigre.rs.gov.br\/site\/wp-content\/uploads\/2024\/02\/METODOLOGIAS-NA-EDUCACAO-INFANTIL-E-TEMA-DE-FORMACAO-PARA-PROFESSORES-2-300x135.jpg 300w, http:\/\/www.arroiodotigre.rs.gov.br\/site\/wp-content\/uploads\/2024\/02\/METODOLOGIAS-NA-EDUCACAO-INFANTIL-E-TEMA-DE-FORMACAO-PARA-PROFESSORES-2-1024x461.jpg 1024w, http:\/\/www.arroiodotigre.rs.gov.br\/site\/wp-content\/uploads\/2024\/02\/METODOLOGIAS-NA-EDUCACAO-INFANTIL-E-TEMA-DE-FORMACAO-PARA-PROFESSORES-2-768x346.jpg 768w, http:\/\/www.arroiodotigre.rs.gov.br\/site\/wp-content\/uploads\/2024\/02\/METODOLOGIAS-NA-EDUCACAO-INFANTIL-E-TEMA-DE-FORMACAO-PARA-PROFESSORES-2-1536x692.jpg 1536w, http:\/\/www.arroiodotigre.rs.gov.br\/site\/wp-content\/uploads\/2024\/02\/METODOLOGIAS-NA-EDUCACAO-INFANTIL-E-TEMA-DE-FORMACAO-PARA-PROFESSORES-2-1568x707.jpg 1568w, http:\/\/www.arroiodotigre.rs.gov.br\/site\/wp-content\/uploads\/2024\/02\/METODOLOGIAS-NA-EDUCACAO-INFANTIL-E-TEMA-DE-FORMACAO-PARA-PROFESSORES-2.jpg 1600w\" sizes=\"auto, (max-width: 300px) 100vw, 300px\" \/><\/div>\n\t\t<\/a>\n\t\t\t\t<div class=\"elementor-post__text\">\n\t\t\t\t<h3 class=\"elementor-post__title\">\n\t\t\t<a href=\"http:\/\/www.arroiodotigre.rs.gov.br\/site\/2024\/02\/16\/metodologias-na-educacao-infantil-e-tema-de-formacao-para-professores\/\" >\n\t\t\t\tMETODOLOGIAS NA EDUCA\u00c7\u00c3O INFANTIL \u00c9 TEMA DE FORMA\u00c7\u00c3O PARA PROFESSORES\t\t\t<\/a>\n\t\t<\/h3>\n\t\t\t\t<div class=\"elementor-post__meta-data\">\n\t\t\t\t\t<span class=\"elementor-post-date\">\n\t\t\t16 de fevereiro de 2024\t\t<\/span>\n\t\t\t\t<span class=\"elementor-post-avatar\">\n\t\t\tNenhum coment\u00e1rio\t\t<\/span>\n\t\t\t\t<\/div>\n\t\t\t\t<div class=\"elementor-post__excerpt\">\n\t\t\t<p>No dia 6 de fevereiro, a Coordenadora da Educa\u00e7\u00e3o Infantil Municipal de Arroio do Tigre, Micheli Zuchetto Jank, liderou uma importante forma\u00e7\u00e3o destinada aos professores<\/p>\n\t\t<\/div>\n\t\t\n\t\t<a class=\"elementor-post__read-more\" href=\"http:\/\/www.arroiodotigre.rs.gov.br\/site\/2024\/02\/16\/metodologias-na-educacao-infantil-e-tema-de-formacao-para-professores\/\" aria-label=\"Read more about METODOLOGIAS NA EDUCA\u00c7\u00c3O INFANTIL \u00c9 TEMA DE FORMA\u00c7\u00c3O PARA PROFESSORES\" >\n\t\t\tRead More \u00bb\t\t<\/a>\n\n\t\t\t\t<\/div>\n\t\t\t\t<\/article>\n\t\t\t\t<article class=\"elementor-post elementor-grid-item post-11894 post type-post status-publish format-standard has-post-thumbnail hentry category-educacao entry\">\n\t\t\t\t<a class=\"elementor-post__thumbnail__link\" href=\"http:\/\/www.arroiodotigre.rs.gov.br\/site\/2024\/02\/16\/gestores-da-rede-municipal-de-ensino-se-reunem-para-iniciar-o-ano-letivo-de-2024-com-energia-renovada\/\" >\n\t\t\t<div class=\"elementor-post__thumbnail\"><img loading=\"lazy\" decoding=\"async\" width=\"300\" height=\"135\" src=\"http:\/\/www.arroiodotigre.rs.gov.br\/site\/wp-content\/uploads\/2024\/02\/GESTORES-DA-REDE-MUNICIPAL-DE-ENSINO-SE-REUNEM-PARA-INICIAR-O-ANO-LETIVO-DE-2024-COM-ENERGIA-RENOVADA-4-300x135.jpg\" class=\"attachment-medium size-medium wp-image-11895\" alt=\"\" srcset=\"http:\/\/www.arroiodotigre.rs.gov.br\/site\/wp-content\/uploads\/2024\/02\/GESTORES-DA-REDE-MUNICIPAL-DE-ENSINO-SE-REUNEM-PARA-INICIAR-O-ANO-LETIVO-DE-2024-COM-ENERGIA-RENOVADA-4-300x135.jpg 300w, http:\/\/www.arroiodotigre.rs.gov.br\/site\/wp-content\/uploads\/2024\/02\/GESTORES-DA-REDE-MUNICIPAL-DE-ENSINO-SE-REUNEM-PARA-INICIAR-O-ANO-LETIVO-DE-2024-COM-ENERGIA-RENOVADA-4-1024x461.jpg 1024w, http:\/\/www.arroiodotigre.rs.gov.br\/site\/wp-content\/uploads\/2024\/02\/GESTORES-DA-REDE-MUNICIPAL-DE-ENSINO-SE-REUNEM-PARA-INICIAR-O-ANO-LETIVO-DE-2024-COM-ENERGIA-RENOVADA-4-768x346.jpg 768w, http:\/\/www.arroiodotigre.rs.gov.br\/site\/wp-content\/uploads\/2024\/02\/GESTORES-DA-REDE-MUNICIPAL-DE-ENSINO-SE-REUNEM-PARA-INICIAR-O-ANO-LETIVO-DE-2024-COM-ENERGIA-RENOVADA-4-1536x692.jpg 1536w, http:\/\/www.arroiodotigre.rs.gov.br\/site\/wp-content\/uploads\/2024\/02\/GESTORES-DA-REDE-MUNICIPAL-DE-ENSINO-SE-REUNEM-PARA-INICIAR-O-ANO-LETIVO-DE-2024-COM-ENERGIA-RENOVADA-4-1568x707.jpg 1568w, http:\/\/www.arroiodotigre.rs.gov.br\/site\/wp-content\/uploads\/2024\/02\/GESTORES-DA-REDE-MUNICIPAL-DE-ENSINO-SE-REUNEM-PARA-INICIAR-O-ANO-LETIVO-DE-2024-COM-ENERGIA-RENOVADA-4.jpg 1600w\" sizes=\"auto, (max-width: 300px) 100vw, 300px\" \/><\/div>\n\t\t<\/a>\n\t\t\t\t<div class=\"elementor-post__text\">\n\t\t\t\t<h3 class=\"elementor-post__title\">\n\t\t\t<a href=\"http:\/\/www.arroiodotigre.rs.gov.br\/site\/2024\/02\/16\/gestores-da-rede-municipal-de-ensino-se-reunem-para-iniciar-o-ano-letivo-de-2024-com-energia-renovada\/\" >\n\t\t\t\tGESTORES DA REDE MUNICIPAL DE ENSINO SE RE\u00daNEM PARA INICIAR O ANO LETIVO DE 2024 COM ENERGIA RENOVADA\t\t\t<\/a>\n\t\t<\/h3>\n\t\t\t\t<div class=\"elementor-post__meta-data\">\n\t\t\t\t\t<span class=\"elementor-post-date\">\n\t\t\t16 de fevereiro de 2024\t\t<\/span>\n\t\t\t\t<span class=\"elementor-post-avatar\">\n\t\t\tNenhum coment\u00e1rio\t\t<\/span>\n\t\t\t\t<\/div>\n\t\t\t\t<div class=\"elementor-post__excerpt\">\n\t\t\t<p>Para marcar o in\u00edcio do ano letivo de 2024, os gestores das escolas da Rede Municipal de Ensino de Arroio do Tigre participaram de uma<\/p>\n\t\t<\/div>\n\t\t\n\t\t<a class=\"elementor-post__read-more\" href=\"http:\/\/www.arroiodotigre.rs.gov.br\/site\/2024\/02\/16\/gestores-da-rede-municipal-de-ensino-se-reunem-para-iniciar-o-ano-letivo-de-2024-com-energia-renovada\/\" aria-label=\"Read more about GESTORES DA REDE MUNICIPAL DE ENSINO SE RE\u00daNEM PARA INICIAR O ANO LETIVO DE 2024 COM ENERGIA RENOVADA\" >\n\t\t\tRead More \u00bb\t\t<\/a>\n\n\t\t\t\t<\/div>\n\t\t\t\t<\/article>\n\t\t\t\t<article class=\"elementor-post elementor-grid-item post-11882 post type-post status-publish format-standard has-post-thumbnail hentry category-educacao entry\">\n\t\t\t\t<a class=\"elementor-post__thumbnail__link\" href=\"http:\/\/www.arroiodotigre.rs.gov.br\/site\/2024\/02\/16\/veiculos-e-rotas-utilizadas-para-o-transporte-escolar-passam-por-revisao\/\" >\n\t\t\t<div class=\"elementor-post__thumbnail\"><img loading=\"lazy\" decoding=\"async\" width=\"300\" height=\"225\" src=\"http:\/\/www.arroiodotigre.rs.gov.br\/site\/wp-content\/uploads\/2024\/02\/VEICULOS-E-ROTAS-UTILIZADAS-PARA-O-TRANSPORTE-ESCOLAR-PASSAM-POR-REVISAO-300x225.jpeg\" class=\"attachment-medium size-medium wp-image-11884\" alt=\"\" srcset=\"http:\/\/www.arroiodotigre.rs.gov.br\/site\/wp-content\/uploads\/2024\/02\/VEICULOS-E-ROTAS-UTILIZADAS-PARA-O-TRANSPORTE-ESCOLAR-PASSAM-POR-REVISAO-300x225.jpeg 300w, http:\/\/www.arroiodotigre.rs.gov.br\/site\/wp-content\/uploads\/2024\/02\/VEICULOS-E-ROTAS-UTILIZADAS-PARA-O-TRANSPORTE-ESCOLAR-PASSAM-POR-REVISAO-1024x768.jpeg 1024w, http:\/\/www.arroiodotigre.rs.gov.br\/site\/wp-content\/uploads\/2024\/02\/VEICULOS-E-ROTAS-UTILIZADAS-PARA-O-TRANSPORTE-ESCOLAR-PASSAM-POR-REVISAO-768x576.jpeg 768w, http:\/\/www.arroiodotigre.rs.gov.br\/site\/wp-content\/uploads\/2024\/02\/VEICULOS-E-ROTAS-UTILIZADAS-PARA-O-TRANSPORTE-ESCOLAR-PASSAM-POR-REVISAO-1536x1152.jpeg 1536w, http:\/\/www.arroiodotigre.rs.gov.br\/site\/wp-content\/uploads\/2024\/02\/VEICULOS-E-ROTAS-UTILIZADAS-PARA-O-TRANSPORTE-ESCOLAR-PASSAM-POR-REVISAO-1568x1176.jpeg 1568w, http:\/\/www.arroiodotigre.rs.gov.br\/site\/wp-content\/uploads\/2024\/02\/VEICULOS-E-ROTAS-UTILIZADAS-PARA-O-TRANSPORTE-ESCOLAR-PASSAM-POR-REVISAO.jpeg 1600w\" sizes=\"auto, (max-width: 300px) 100vw, 300px\" \/><\/div>\n\t\t<\/a>\n\t\t\t\t<div class=\"elementor-post__text\">\n\t\t\t\t<h3 class=\"elementor-post__title\">\n\t\t\t<a href=\"http:\/\/www.arroiodotigre.rs.gov.br\/site\/2024\/02\/16\/veiculos-e-rotas-utilizadas-para-o-transporte-escolar-passam-por-revisao\/\" >\n\t\t\t\tVE\u00cdCULOS E ROTAS UTILIZADAS PARA O TRANSPORTE ESCOLAR PASSAM POR REVIS\u00c3O\t\t\t<\/a>\n\t\t<\/h3>\n\t\t\t\t<div class=\"elementor-post__meta-data\">\n\t\t\t\t\t<span class=\"elementor-post-date\">\n\t\t\t16 de fevereiro de 2024\t\t<\/span>\n\t\t\t\t<span class=\"elementor-post-avatar\">\n\t\t\tNenhum coment\u00e1rio\t\t<\/span>\n\t\t\t\t<\/div>\n\t\t\t\t<div class=\"elementor-post__excerpt\">\n\t\t\t<p>O secret\u00e1rio de Educa\u00e7\u00e3o e Cultura, Fabr\u00edcio Daniel Pape, e a supervisora do transporte escolar, Alda Roberta Drum Konrad, estiveram em uma a\u00e7\u00e3o conjunta realizando<\/p>\n\t\t<\/div>\n\t\t\n\t\t<a class=\"elementor-post__read-more\" href=\"http:\/\/www.arroiodotigre.rs.gov.br\/site\/2024\/02\/16\/veiculos-e-rotas-utilizadas-para-o-transporte-escolar-passam-por-revisao\/\" aria-label=\"Read more about VE\u00cdCULOS E ROTAS UTILIZADAS PARA O TRANSPORTE ESCOLAR PASSAM POR REVIS\u00c3O\" >\n\t\t\tRead More \u00bb\t\t<\/a>\n\n\t\t\t\t<\/div>\n\t\t\t\t<\/article>\n\t\t\t\t<article class=\"elementor-post elementor-grid-item post-11877 post type-post status-publish format-standard has-post-thumbnail hentry category-educacao entry\">\n\t\t\t\t<a class=\"elementor-post__thumbnail__link\" href=\"http:\/\/www.arroiodotigre.rs.gov.br\/site\/2024\/02\/16\/escolas-municipais-de-educacao-infantil-passam-por-melhorias\/\" >\n\t\t\t<div class=\"elementor-post__thumbnail\"><img loading=\"lazy\" decoding=\"async\" width=\"225\" height=\"300\" src=\"http:\/\/www.arroiodotigre.rs.gov.br\/site\/wp-content\/uploads\/2024\/02\/ESCOLAS-MUNICIPAIS-DE-EDUCACAO-INFANTIL-PASSAM-POR-MELHORIAS-2-225x300.jpeg\" class=\"attachment-medium size-medium wp-image-11880\" alt=\"\" srcset=\"http:\/\/www.arroiodotigre.rs.gov.br\/site\/wp-content\/uploads\/2024\/02\/ESCOLAS-MUNICIPAIS-DE-EDUCACAO-INFANTIL-PASSAM-POR-MELHORIAS-2-225x300.jpeg 225w, http:\/\/www.arroiodotigre.rs.gov.br\/site\/wp-content\/uploads\/2024\/02\/ESCOLAS-MUNICIPAIS-DE-EDUCACAO-INFANTIL-PASSAM-POR-MELHORIAS-2-768x1024.jpeg 768w, http:\/\/www.arroiodotigre.rs.gov.br\/site\/wp-content\/uploads\/2024\/02\/ESCOLAS-MUNICIPAIS-DE-EDUCACAO-INFANTIL-PASSAM-POR-MELHORIAS-2.jpeg 960w\" sizes=\"auto, (max-width: 225px) 100vw, 225px\" \/><\/div>\n\t\t<\/a>\n\t\t\t\t<div class=\"elementor-post__text\">\n\t\t\t\t<h3 class=\"elementor-post__title\">\n\t\t\t<a href=\"http:\/\/www.arroiodotigre.rs.gov.br\/site\/2024\/02\/16\/escolas-municipais-de-educacao-infantil-passam-por-melhorias\/\" >\n\t\t\t\tESCOLAS MUNICIPAIS DE EDUCA\u00c7\u00c3O INFANTIL PASSAM POR MELHORIAS\t\t\t<\/a>\n\t\t<\/h3>\n\t\t\t\t<div class=\"elementor-post__meta-data\">\n\t\t\t\t\t<span class=\"elementor-post-date\">\n\t\t\t16 de fevereiro de 2024\t\t<\/span>\n\t\t\t\t<span class=\"elementor-post-avatar\">\n\t\t\tNenhum coment\u00e1rio\t\t<\/span>\n\t\t\t\t<\/div>\n\t\t\t\t<div class=\"elementor-post__excerpt\">\n\t\t\t<p>Na \u00faltima semana, o prefeito Marciano Ravanello, acompanhado do vice-prefeito Vanderlei Hermes e do secret\u00e1rio de Educa\u00e7\u00e3o e Cultura Fabr\u00edcio Daniel Pape, realizou uma visita<\/p>\n\t\t<\/div>\n\t\t\n\t\t<a class=\"elementor-post__read-more\" href=\"http:\/\/www.arroiodotigre.rs.gov.br\/site\/2024\/02\/16\/escolas-municipais-de-educacao-infantil-passam-por-melhorias\/\" aria-label=\"Read more about ESCOLAS MUNICIPAIS DE EDUCA\u00c7\u00c3O INFANTIL PASSAM POR MELHORIAS\" >\n\t\t\tRead More \u00bb\t\t<\/a>\n\n\t\t\t\t<\/div>\n\t\t\t\t<\/article>\n\t\t\t\t<article class=\"elementor-post elementor-grid-item post-10792 post type-post status-publish format-standard has-post-thumbnail hentry category-educacao entry\">\n\t\t\t\t<a class=\"elementor-post__thumbnail__link\" href=\"http:\/\/www.arroiodotigre.rs.gov.br\/site\/2023\/11\/10\/secretaria-de-educacao-e-cultura-divulga-vencedores-de-concurso-literario-e-cultural\/\" >\n\t\t\t<div class=\"elementor-post__thumbnail\"><img loading=\"lazy\" decoding=\"async\" width=\"212\" height=\"300\" src=\"http:\/\/www.arroiodotigre.rs.gov.br\/site\/wp-content\/uploads\/2023\/11\/SECRETARIA-DE-EDUCACAO-E-CULTURA-DIVULGA-VENCEDORES-DE-CONCURSO-LITERARIO-E-CULTURAL-212x300.jpg\" class=\"attachment-medium size-medium wp-image-10793\" alt=\"\" srcset=\"http:\/\/www.arroiodotigre.rs.gov.br\/site\/wp-content\/uploads\/2023\/11\/SECRETARIA-DE-EDUCACAO-E-CULTURA-DIVULGA-VENCEDORES-DE-CONCURSO-LITERARIO-E-CULTURAL-212x300.jpg 212w, http:\/\/www.arroiodotigre.rs.gov.br\/site\/wp-content\/uploads\/2023\/11\/SECRETARIA-DE-EDUCACAO-E-CULTURA-DIVULGA-VENCEDORES-DE-CONCURSO-LITERARIO-E-CULTURAL-724x1024.jpg 724w, http:\/\/www.arroiodotigre.rs.gov.br\/site\/wp-content\/uploads\/2023\/11\/SECRETARIA-DE-EDUCACAO-E-CULTURA-DIVULGA-VENCEDORES-DE-CONCURSO-LITERARIO-E-CULTURAL-768x1086.jpg 768w, http:\/\/www.arroiodotigre.rs.gov.br\/site\/wp-content\/uploads\/2023\/11\/SECRETARIA-DE-EDUCACAO-E-CULTURA-DIVULGA-VENCEDORES-DE-CONCURSO-LITERARIO-E-CULTURAL-1086x1536.jpg 1086w, http:\/\/www.arroiodotigre.rs.gov.br\/site\/wp-content\/uploads\/2023\/11\/SECRETARIA-DE-EDUCACAO-E-CULTURA-DIVULGA-VENCEDORES-DE-CONCURSO-LITERARIO-E-CULTURAL.jpg 1131w\" sizes=\"auto, (max-width: 212px) 100vw, 212px\" \/><\/div>\n\t\t<\/a>\n\t\t\t\t<div class=\"elementor-post__text\">\n\t\t\t\t<h3 class=\"elementor-post__title\">\n\t\t\t<a href=\"http:\/\/www.arroiodotigre.rs.gov.br\/site\/2023\/11\/10\/secretaria-de-educacao-e-cultura-divulga-vencedores-de-concurso-literario-e-cultural\/\" >\n\t\t\t\tSECRETARIA DE EDUCA\u00c7\u00c3O E CULTURA DIVULGA VENCEDORES DE CONCURSO LITER\u00c1RIO E CULTURAL\t\t\t<\/a>\n\t\t<\/h3>\n\t\t\t\t<div class=\"elementor-post__meta-data\">\n\t\t\t\t\t<span class=\"elementor-post-date\">\n\t\t\t10 de novembro de 2023\t\t<\/span>\n\t\t\t\t<span class=\"elementor-post-avatar\">\n\t\t\tNenhum coment\u00e1rio\t\t<\/span>\n\t\t\t\t<\/div>\n\t\t\t\t<div class=\"elementor-post__excerpt\">\n\t\t\t<p>A Secretaria de Educa\u00e7\u00e3o e Cultura promoveu a terceira edi\u00e7\u00e3o do Concurso Liter\u00e1rio e Cultural \u201cArroio do Tigre em Palavras e Cores\u201d. Conforme o secret\u00e1rio<\/p>\n\t\t<\/div>\n\t\t\n\t\t<a class=\"elementor-post__read-more\" href=\"http:\/\/www.arroiodotigre.rs.gov.br\/site\/2023\/11\/10\/secretaria-de-educacao-e-cultura-divulga-vencedores-de-concurso-literario-e-cultural\/\" aria-label=\"Read more about SECRETARIA DE EDUCA\u00c7\u00c3O E CULTURA DIVULGA VENCEDORES DE CONCURSO LITER\u00c1RIO E CULTURAL\" >\n\t\t\tRead More \u00bb\t\t<\/a>\n\n\t\t\t\t<\/div>\n\t\t\t\t<\/article>\n\t\t\t\t<article class=\"elementor-post elementor-grid-item post-9765 post type-post status-publish format-standard has-post-thumbnail hentry category-educacao entry\">\n\t\t\t\t<a class=\"elementor-post__thumbnail__link\" href=\"http:\/\/www.arroiodotigre.rs.gov.br\/site\/2023\/07\/20\/alunos-assistem-a-peca-teatral-sobre-consumo-responsavel-e-sustentabilidade\/\" >\n\t\t\t<div class=\"elementor-post__thumbnail\"><img loading=\"lazy\" decoding=\"async\" width=\"300\" height=\"135\" src=\"http:\/\/www.arroiodotigre.rs.gov.br\/site\/wp-content\/uploads\/2023\/07\/ALUNOS-ASSISTEM-A-PECA-TEATRAL-SOBRE-CONSUMO-RESPONSAVEL-E-SUSTENTABILIDADE-300x135.jpg\" class=\"attachment-medium size-medium wp-image-9766\" alt=\"\" srcset=\"http:\/\/www.arroiodotigre.rs.gov.br\/site\/wp-content\/uploads\/2023\/07\/ALUNOS-ASSISTEM-A-PECA-TEATRAL-SOBRE-CONSUMO-RESPONSAVEL-E-SUSTENTABILIDADE-300x135.jpg 300w, http:\/\/www.arroiodotigre.rs.gov.br\/site\/wp-content\/uploads\/2023\/07\/ALUNOS-ASSISTEM-A-PECA-TEATRAL-SOBRE-CONSUMO-RESPONSAVEL-E-SUSTENTABILIDADE-1024x461.jpg 1024w, http:\/\/www.arroiodotigre.rs.gov.br\/site\/wp-content\/uploads\/2023\/07\/ALUNOS-ASSISTEM-A-PECA-TEATRAL-SOBRE-CONSUMO-RESPONSAVEL-E-SUSTENTABILIDADE-768x346.jpg 768w, http:\/\/www.arroiodotigre.rs.gov.br\/site\/wp-content\/uploads\/2023\/07\/ALUNOS-ASSISTEM-A-PECA-TEATRAL-SOBRE-CONSUMO-RESPONSAVEL-E-SUSTENTABILIDADE-1536x692.jpg 1536w, http:\/\/www.arroiodotigre.rs.gov.br\/site\/wp-content\/uploads\/2023\/07\/ALUNOS-ASSISTEM-A-PECA-TEATRAL-SOBRE-CONSUMO-RESPONSAVEL-E-SUSTENTABILIDADE-1568x707.jpg 1568w, http:\/\/www.arroiodotigre.rs.gov.br\/site\/wp-content\/uploads\/2023\/07\/ALUNOS-ASSISTEM-A-PECA-TEATRAL-SOBRE-CONSUMO-RESPONSAVEL-E-SUSTENTABILIDADE.jpg 1600w\" sizes=\"auto, (max-width: 300px) 100vw, 300px\" \/><\/div>\n\t\t<\/a>\n\t\t\t\t<div class=\"elementor-post__text\">\n\t\t\t\t<h3 class=\"elementor-post__title\">\n\t\t\t<a href=\"http:\/\/www.arroiodotigre.rs.gov.br\/site\/2023\/07\/20\/alunos-assistem-a-peca-teatral-sobre-consumo-responsavel-e-sustentabilidade\/\" >\n\t\t\t\tALUNOS ASSISTEM \u00c0 PE\u00c7A TEATRAL SOBRE CONSUMO RESPONS\u00c1VEL E SUSTENTABILIDADE\t\t\t<\/a>\n\t\t<\/h3>\n\t\t\t\t<div class=\"elementor-post__meta-data\">\n\t\t\t\t\t<span class=\"elementor-post-date\">\n\t\t\t20 de julho de 2023\t\t<\/span>\n\t\t\t\t<span class=\"elementor-post-avatar\">\n\t\t\tNenhum coment\u00e1rio\t\t<\/span>\n\t\t\t\t<\/div>\n\t\t\t\t<div class=\"elementor-post__excerpt\">\n\t\t\t<p>O dia 10 de julho foi diferente para as turmas do 4\u00b0 ao 7\u00b0 anos da Rede Municipal de Ensino de Arroio do Tigre. Os<\/p>\n\t\t<\/div>\n\t\t\n\t\t<a class=\"elementor-post__read-more\" href=\"http:\/\/www.arroiodotigre.rs.gov.br\/site\/2023\/07\/20\/alunos-assistem-a-peca-teatral-sobre-consumo-responsavel-e-sustentabilidade\/\" aria-label=\"Read more about ALUNOS ASSISTEM \u00c0 PE\u00c7A TEATRAL SOBRE CONSUMO RESPONS\u00c1VEL E SUSTENTABILIDADE\" >\n\t\t\tRead More \u00bb\t\t<\/a>\n\n\t\t\t\t<\/div>\n\t\t\t\t<\/article>\n\t\t\t\t<article class=\"elementor-post elementor-grid-item post-9231 post type-post status-publish format-standard has-post-thumbnail hentry category-educacao entry\">\n\t\t\t\t<a class=\"elementor-post__thumbnail__link\" href=\"http:\/\/www.arroiodotigre.rs.gov.br\/site\/2023\/06\/29\/secretario-de-educacao-e-cultura-participa-de-seminario-do-programa-alfa-e-beto\/\" >\n\t\t\t<div class=\"elementor-post__thumbnail\"><img loading=\"lazy\" decoding=\"async\" width=\"300\" height=\"225\" src=\"http:\/\/www.arroiodotigre.rs.gov.br\/site\/wp-content\/uploads\/2023\/06\/SECRETARIO-DE-EDUCACAO-E-CULTURA-PARTICIPA-DE-SEMINARIO-DO-PROGRAMA-ALFA-E-BETO-300x225.jpeg\" class=\"attachment-medium size-medium wp-image-9232\" alt=\"\" srcset=\"http:\/\/www.arroiodotigre.rs.gov.br\/site\/wp-content\/uploads\/2023\/06\/SECRETARIO-DE-EDUCACAO-E-CULTURA-PARTICIPA-DE-SEMINARIO-DO-PROGRAMA-ALFA-E-BETO-300x225.jpeg 300w, http:\/\/www.arroiodotigre.rs.gov.br\/site\/wp-content\/uploads\/2023\/06\/SECRETARIO-DE-EDUCACAO-E-CULTURA-PARTICIPA-DE-SEMINARIO-DO-PROGRAMA-ALFA-E-BETO-1024x768.jpeg 1024w, http:\/\/www.arroiodotigre.rs.gov.br\/site\/wp-content\/uploads\/2023\/06\/SECRETARIO-DE-EDUCACAO-E-CULTURA-PARTICIPA-DE-SEMINARIO-DO-PROGRAMA-ALFA-E-BETO-768x576.jpeg 768w, http:\/\/www.arroiodotigre.rs.gov.br\/site\/wp-content\/uploads\/2023\/06\/SECRETARIO-DE-EDUCACAO-E-CULTURA-PARTICIPA-DE-SEMINARIO-DO-PROGRAMA-ALFA-E-BETO.jpeg 1156w\" sizes=\"auto, (max-width: 300px) 100vw, 300px\" \/><\/div>\n\t\t<\/a>\n\t\t\t\t<div class=\"elementor-post__text\">\n\t\t\t\t<h3 class=\"elementor-post__title\">\n\t\t\t<a href=\"http:\/\/www.arroiodotigre.rs.gov.br\/site\/2023\/06\/29\/secretario-de-educacao-e-cultura-participa-de-seminario-do-programa-alfa-e-beto\/\" >\n\t\t\t\tSECRET\u00c1RIO DE EDUCA\u00c7\u00c3O E CULTURA PARTICIPA DE SEMIN\u00c1RIO DO PROGRAMA ALFA E BETO\t\t\t<\/a>\n\t\t<\/h3>\n\t\t\t\t<div class=\"elementor-post__meta-data\">\n\t\t\t\t\t<span class=\"elementor-post-date\">\n\t\t\t29 de junho de 2023\t\t<\/span>\n\t\t\t\t<span class=\"elementor-post-avatar\">\n\t\t\tNenhum coment\u00e1rio\t\t<\/span>\n\t\t\t\t<\/div>\n\t\t\t\t<div class=\"elementor-post__excerpt\">\n\t\t\t<p>Nos dias 22 e 23 de junho o secret\u00e1rio de Educa\u00e7\u00e3o e Cultura, Fabr\u00edcio Daniel Pape, e a coordenadora dos Anos Iniciais, Raquel C. Fiuza<\/p>\n\t\t<\/div>\n\t\t\n\t\t<a class=\"elementor-post__read-more\" href=\"http:\/\/www.arroiodotigre.rs.gov.br\/site\/2023\/06\/29\/secretario-de-educacao-e-cultura-participa-de-seminario-do-programa-alfa-e-beto\/\" aria-label=\"Read more about SECRET\u00c1RIO DE EDUCA\u00c7\u00c3O E CULTURA PARTICIPA DE SEMIN\u00c1RIO DO PROGRAMA ALFA E BETO\" >\n\t\t\tRead More \u00bb\t\t<\/a>\n\n\t\t\t\t<\/div>\n\t\t\t\t<\/article>\n\t\t\t\t<article class=\"elementor-post elementor-grid-item post-4920 post type-post status-publish format-standard has-post-thumbnail hentry category-educacao category-noticias entry\">\n\t\t\t\t<a class=\"elementor-post__thumbnail__link\" href=\"http:\/\/www.arroiodotigre.rs.gov.br\/site\/2021\/12\/09\/secretaria-de-educacao-convida-para-a-realizacao-da-etapa-municipal-do-conae-2022\/\" >\n\t\t\t<div class=\"elementor-post__thumbnail\"><img loading=\"lazy\" decoding=\"async\" width=\"300\" height=\"151\" src=\"http:\/\/www.arroiodotigre.rs.gov.br\/site\/wp-content\/uploads\/2021\/12\/Baner-Municipio-300x151.png\" class=\"attachment-medium size-medium wp-image-4921\" alt=\"\" srcset=\"http:\/\/www.arroiodotigre.rs.gov.br\/site\/wp-content\/uploads\/2021\/12\/Baner-Municipio-300x151.png 300w, http:\/\/www.arroiodotigre.rs.gov.br\/site\/wp-content\/uploads\/2021\/12\/Baner-Municipio-1024x515.png 1024w, http:\/\/www.arroiodotigre.rs.gov.br\/site\/wp-content\/uploads\/2021\/12\/Baner-Municipio-768x386.png 768w, http:\/\/www.arroiodotigre.rs.gov.br\/site\/wp-content\/uploads\/2021\/12\/Baner-Municipio-1536x772.png 1536w, http:\/\/www.arroiodotigre.rs.gov.br\/site\/wp-content\/uploads\/2021\/12\/Baner-Municipio-2048x1029.png 2048w, http:\/\/www.arroiodotigre.rs.gov.br\/site\/wp-content\/uploads\/2021\/12\/Baner-Municipio-1568x788.png 1568w\" sizes=\"auto, (max-width: 300px) 100vw, 300px\" \/><\/div>\n\t\t<\/a>\n\t\t\t\t<div class=\"elementor-post__text\">\n\t\t\t\t<h3 class=\"elementor-post__title\">\n\t\t\t<a href=\"http:\/\/www.arroiodotigre.rs.gov.br\/site\/2021\/12\/09\/secretaria-de-educacao-convida-para-a-realizacao-da-etapa-municipal-do-conae-2022\/\" >\n\t\t\t\tSecretaria de Educa\u00e7\u00e3o convida para a realiza\u00e7\u00e3o da etapa municipal do CONAE 2022\t\t\t<\/a>\n\t\t<\/h3>\n\t\t\t\t<div class=\"elementor-post__meta-data\">\n\t\t\t\t\t<span class=\"elementor-post-date\">\n\t\t\t9 de dezembro de 2021\t\t<\/span>\n\t\t\t\t<span class=\"elementor-post-avatar\">\n\t\t\tNenhum coment\u00e1rio\t\t<\/span>\n\t\t\t\t<\/div>\n\t\t\t\t<div class=\"elementor-post__excerpt\">\n\t\t\t<p>A Prefeitura Municipal de Arroio do Tigre, por meio da Secretaria Municipal de Educa\u00e7\u00e3o e Cultura e do Conselho Municipal de Educa\u00e7\u00e3o, t\u00eam a satisfa\u00e7\u00e3o<\/p>\n\t\t<\/div>\n\t\t\n\t\t<a class=\"elementor-post__read-more\" href=\"http:\/\/www.arroiodotigre.rs.gov.br\/site\/2021\/12\/09\/secretaria-de-educacao-convida-para-a-realizacao-da-etapa-municipal-do-conae-2022\/\" aria-label=\"Read more about Secretaria de Educa\u00e7\u00e3o convida para a realiza\u00e7\u00e3o da etapa municipal do CONAE 2022\" >\n\t\t\tRead More \u00bb\t\t<\/a>\n\n\t\t\t\t<\/div>\n\t\t\t\t<\/article>\n\t\t\t\t<article class=\"elementor-post elementor-grid-item post-4972 post type-post status-publish format-standard has-post-thumbnail hentry category-educacao category-noticias entry\">\n\t\t\t\t<a class=\"elementor-post__thumbnail__link\" href=\"http:\/\/www.arroiodotigre.rs.gov.br\/site\/2021\/12\/09\/secretaria-municipal-de-educacao-e-cultura-esta-com-inscricoes-abertas-para-novos-alunos\/\" >\n\t\t\t<div class=\"elementor-post__thumbnail\"><img loading=\"lazy\" decoding=\"async\" width=\"300\" height=\"300\" src=\"http:\/\/www.arroiodotigre.rs.gov.br\/site\/wp-content\/uploads\/2021\/12\/266092289_3154349478135121_1104922243933517622_n-300x300.png\" class=\"attachment-medium size-medium wp-image-4973\" alt=\"\" srcset=\"http:\/\/www.arroiodotigre.rs.gov.br\/site\/wp-content\/uploads\/2021\/12\/266092289_3154349478135121_1104922243933517622_n-300x300.png 300w, http:\/\/www.arroiodotigre.rs.gov.br\/site\/wp-content\/uploads\/2021\/12\/266092289_3154349478135121_1104922243933517622_n-150x150.png 150w, http:\/\/www.arroiodotigre.rs.gov.br\/site\/wp-content\/uploads\/2021\/12\/266092289_3154349478135121_1104922243933517622_n.png 350w\" sizes=\"auto, (max-width: 300px) 100vw, 300px\" \/><\/div>\n\t\t<\/a>\n\t\t\t\t<div class=\"elementor-post__text\">\n\t\t\t\t<h3 class=\"elementor-post__title\">\n\t\t\t<a href=\"http:\/\/www.arroiodotigre.rs.gov.br\/site\/2021\/12\/09\/secretaria-municipal-de-educacao-e-cultura-esta-com-inscricoes-abertas-para-novos-alunos\/\" >\n\t\t\t\tSecretaria Municipal de Educa\u00e7\u00e3o e Cultura est\u00e1 com inscri\u00e7\u00f5es abertas para novos alunos!\t\t\t<\/a>\n\t\t<\/h3>\n\t\t\t\t<div class=\"elementor-post__meta-data\">\n\t\t\t\t\t<span class=\"elementor-post-date\">\n\t\t\t9 de dezembro de 2021\t\t<\/span>\n\t\t\t\t<span class=\"elementor-post-avatar\">\n\t\t\tNenhum coment\u00e1rio\t\t<\/span>\n\t\t\t\t<\/div>\n\t\t\t\t<div class=\"elementor-post__excerpt\">\n\t\t\t<p>A Secretaria est\u00e1 aceitando inscri\u00e7\u00f5es para Pr\u00e9 \u2013 escola e Ensino Fundamental. O per\u00edodo inicia-se em 26 de outubro e encerra-se em 10 de novembro<\/p>\n\t\t<\/div>\n\t\t\n\t\t<a class=\"elementor-post__read-more\" href=\"http:\/\/www.arroiodotigre.rs.gov.br\/site\/2021\/12\/09\/secretaria-municipal-de-educacao-e-cultura-esta-com-inscricoes-abertas-para-novos-alunos\/\" aria-label=\"Read more about Secretaria Municipal de Educa\u00e7\u00e3o e Cultura est\u00e1 com inscri\u00e7\u00f5es abertas para novos alunos!\" >\n\t\t\tRead More \u00bb\t\t<\/a>\n\n\t\t\t\t<\/div>\n\t\t\t\t<\/article>\n\t\t\t\t<article class=\"elementor-post elementor-grid-item post-4683 post type-post status-publish format-standard has-post-thumbnail hentry category-educacao category-noticias entry\">\n\t\t\t\t<a class=\"elementor-post__thumbnail__link\" href=\"http:\/\/www.arroiodotigre.rs.gov.br\/site\/2021\/11\/12\/inaugurada-a-emei-pingo-de-gente\/\" >\n\t\t\t<div class=\"elementor-post__thumbnail\"><img loading=\"lazy\" decoding=\"async\" width=\"300\" height=\"251\" src=\"http:\/\/www.arroiodotigre.rs.gov.br\/site\/wp-content\/uploads\/2021\/11\/imagem_2021-11-19_092113-300x251.png\" class=\"attachment-medium size-medium wp-image-4684\" alt=\"\" srcset=\"http:\/\/www.arroiodotigre.rs.gov.br\/site\/wp-content\/uploads\/2021\/11\/imagem_2021-11-19_092113-300x251.png 300w, http:\/\/www.arroiodotigre.rs.gov.br\/site\/wp-content\/uploads\/2021\/11\/imagem_2021-11-19_092113-768x644.png 768w, http:\/\/www.arroiodotigre.rs.gov.br\/site\/wp-content\/uploads\/2021\/11\/imagem_2021-11-19_092113.png 940w\" sizes=\"auto, (max-width: 300px) 100vw, 300px\" \/><\/div>\n\t\t<\/a>\n\t\t\t\t<div class=\"elementor-post__text\">\n\t\t\t\t<h3 class=\"elementor-post__title\">\n\t\t\t<a href=\"http:\/\/www.arroiodotigre.rs.gov.br\/site\/2021\/11\/12\/inaugurada-a-emei-pingo-de-gente\/\" >\n\t\t\t\tInaugurada a EMEI Pingo de gente\t\t\t<\/a>\n\t\t<\/h3>\n\t\t\t\t<div class=\"elementor-post__meta-data\">\n\t\t\t\t\t<span class=\"elementor-post-date\">\n\t\t\t12 de novembro de 2021\t\t<\/span>\n\t\t\t\t<span class=\"elementor-post-avatar\">\n\t\t\tNenhum coment\u00e1rio\t\t<\/span>\n\t\t\t\t<\/div>\n\t\t\t\t<div class=\"elementor-post__excerpt\">\n\t\t\t<p>No dia de hoje a comunidade de Arroio do Tigre recebeu da administra\u00e7\u00e3o municipal mais uma obra que contempla os anseios na \u00e1rea de educa\u00e7\u00e3o,<\/p>\n\t\t<\/div>\n\t\t\n\t\t<a class=\"elementor-post__read-more\" href=\"http:\/\/www.arroiodotigre.rs.gov.br\/site\/2021\/11\/12\/inaugurada-a-emei-pingo-de-gente\/\" aria-label=\"Read more about Inaugurada a EMEI Pingo de gente\" >\n\t\t\tRead More \u00bb\t\t<\/a>\n\n\t\t\t\t<\/div>\n\t\t\t\t<\/article>\n\t\t\t\t<article class=\"elementor-post elementor-grid-item post-4680 post type-post status-publish format-standard has-post-thumbnail hentry category-educacao category-noticias entry\">\n\t\t\t\t<a class=\"elementor-post__thumbnail__link\" href=\"http:\/\/www.arroiodotigre.rs.gov.br\/site\/2021\/11\/12\/intercambio-no-estado-do-parana\/\" >\n\t\t\t<div class=\"elementor-post__thumbnail\"><img loading=\"lazy\" decoding=\"async\" width=\"300\" height=\"251\" src=\"http:\/\/www.arroiodotigre.rs.gov.br\/site\/wp-content\/uploads\/2021\/11\/imagem_2021-11-19_091838-300x251.png\" class=\"attachment-medium size-medium wp-image-4681\" alt=\"\" srcset=\"http:\/\/www.arroiodotigre.rs.gov.br\/site\/wp-content\/uploads\/2021\/11\/imagem_2021-11-19_091838-300x251.png 300w, http:\/\/www.arroiodotigre.rs.gov.br\/site\/wp-content\/uploads\/2021\/11\/imagem_2021-11-19_091838-768x644.png 768w, http:\/\/www.arroiodotigre.rs.gov.br\/site\/wp-content\/uploads\/2021\/11\/imagem_2021-11-19_091838.png 940w\" sizes=\"auto, (max-width: 300px) 100vw, 300px\" \/><\/div>\n\t\t<\/a>\n\t\t\t\t<div class=\"elementor-post__text\">\n\t\t\t\t<h3 class=\"elementor-post__title\">\n\t\t\t<a href=\"http:\/\/www.arroiodotigre.rs.gov.br\/site\/2021\/11\/12\/intercambio-no-estado-do-parana\/\" >\n\t\t\t\tInterc\u00e2mbio no estado do Paran\u00e1\t\t\t<\/a>\n\t\t<\/h3>\n\t\t\t\t<div class=\"elementor-post__meta-data\">\n\t\t\t\t\t<span class=\"elementor-post-date\">\n\t\t\t12 de novembro de 2021\t\t<\/span>\n\t\t\t\t<span class=\"elementor-post-avatar\">\n\t\t\tNenhum coment\u00e1rio\t\t<\/span>\n\t\t\t\t<\/div>\n\t\t\t\t<div class=\"elementor-post__excerpt\">\n\t\t\t<p>Uma comitiva da regi\u00e3o Centro Serra esteve visitando, no per\u00edodo de 08 a 11 de novembro de 2021, as cooperativas escolares dos munic\u00edpios de Carambe\u00ed<\/p>\n\t\t<\/div>\n\t\t\n\t\t<a class=\"elementor-post__read-more\" href=\"http:\/\/www.arroiodotigre.rs.gov.br\/site\/2021\/11\/12\/intercambio-no-estado-do-parana\/\" aria-label=\"Read more about Interc\u00e2mbio no estado do Paran\u00e1\" >\n\t\t\tRead More \u00bb\t\t<\/a>\n\n\t\t\t\t<\/div>\n\t\t\t\t<\/article>\n\t\t\t\t<article class=\"elementor-post elementor-grid-item post-4554 post type-post status-publish format-standard has-post-thumbnail hentry category-educacao category-noticias entry\">\n\t\t\t\t<a class=\"elementor-post__thumbnail__link\" href=\"http:\/\/www.arroiodotigre.rs.gov.br\/site\/2021\/11\/04\/secretaria-municipal-de-educacao-e-cultura-abre-inscricoes-para-novos-alunos\/\" >\n\t\t\t<div class=\"elementor-post__thumbnail\"><img loading=\"lazy\" decoding=\"async\" width=\"300\" height=\"300\" src=\"http:\/\/www.arroiodotigre.rs.gov.br\/site\/wp-content\/uploads\/2021\/11\/imagem_2021-11-04_102923-300x300.png\" class=\"attachment-medium size-medium wp-image-4555\" alt=\"\" srcset=\"http:\/\/www.arroiodotigre.rs.gov.br\/site\/wp-content\/uploads\/2021\/11\/imagem_2021-11-04_102923-300x300.png 300w, http:\/\/www.arroiodotigre.rs.gov.br\/site\/wp-content\/uploads\/2021\/11\/imagem_2021-11-04_102923-150x150.png 150w, http:\/\/www.arroiodotigre.rs.gov.br\/site\/wp-content\/uploads\/2021\/11\/imagem_2021-11-04_102923.png 350w\" sizes=\"auto, (max-width: 300px) 100vw, 300px\" \/><\/div>\n\t\t<\/a>\n\t\t\t\t<div class=\"elementor-post__text\">\n\t\t\t\t<h3 class=\"elementor-post__title\">\n\t\t\t<a href=\"http:\/\/www.arroiodotigre.rs.gov.br\/site\/2021\/11\/04\/secretaria-municipal-de-educacao-e-cultura-abre-inscricoes-para-novos-alunos\/\" >\n\t\t\t\tSecretaria Municipal de Educa\u00e7\u00e3o e Cultura abre inscri\u00e7\u00f5es para novos alunos\t\t\t<\/a>\n\t\t<\/h3>\n\t\t\t\t<div class=\"elementor-post__meta-data\">\n\t\t\t\t\t<span class=\"elementor-post-date\">\n\t\t\t4 de novembro de 2021\t\t<\/span>\n\t\t\t\t<span class=\"elementor-post-avatar\">\n\t\t\tNenhum coment\u00e1rio\t\t<\/span>\n\t\t\t\t<\/div>\n\t\t\t\t<div class=\"elementor-post__excerpt\">\n\t\t\t<p>Secretaria Municipal de Educa\u00e7\u00e3o e Cultura est\u00e1 com inscri\u00e7\u00f5es abertas para novos alunos! A Secretaria est\u00e1 aceitando inscri\u00e7\u00f5es para Pr\u00e9 \u2013 escola e Ensino Fundamental.<\/p>\n\t\t<\/div>\n\t\t\n\t\t<a class=\"elementor-post__read-more\" href=\"http:\/\/www.arroiodotigre.rs.gov.br\/site\/2021\/11\/04\/secretaria-municipal-de-educacao-e-cultura-abre-inscricoes-para-novos-alunos\/\" aria-label=\"Read more about Secretaria Municipal de Educa\u00e7\u00e3o e Cultura abre inscri\u00e7\u00f5es para novos alunos\" >\n\t\t\tRead More \u00bb\t\t<\/a>\n\n\t\t\t\t<\/div>\n\t\t\t\t<\/article>\n\t\t\t\t<article class=\"elementor-post elementor-grid-item post-4539 post type-post status-publish format-standard has-post-thumbnail hentry category-educacao category-noticias entry\">\n\t\t\t\t<a class=\"elementor-post__thumbnail__link\" href=\"http:\/\/www.arroiodotigre.rs.gov.br\/site\/2021\/11\/03\/secretaria-de-educacao-e-cultura-realiza-formacao-para-diretores-da-rede-municipal\/\" >\n\t\t\t<div class=\"elementor-post__thumbnail\"><img loading=\"lazy\" decoding=\"async\" width=\"300\" height=\"251\" src=\"http:\/\/www.arroiodotigre.rs.gov.br\/site\/wp-content\/uploads\/2021\/11\/249402402_3121923748044361_2687332867992459056_n-300x251.png\" class=\"attachment-medium size-medium wp-image-4540\" alt=\"\" srcset=\"http:\/\/www.arroiodotigre.rs.gov.br\/site\/wp-content\/uploads\/2021\/11\/249402402_3121923748044361_2687332867992459056_n-300x251.png 300w, http:\/\/www.arroiodotigre.rs.gov.br\/site\/wp-content\/uploads\/2021\/11\/249402402_3121923748044361_2687332867992459056_n-768x644.png 768w, http:\/\/www.arroiodotigre.rs.gov.br\/site\/wp-content\/uploads\/2021\/11\/249402402_3121923748044361_2687332867992459056_n.png 940w\" sizes=\"auto, (max-width: 300px) 100vw, 300px\" \/><\/div>\n\t\t<\/a>\n\t\t\t\t<div class=\"elementor-post__text\">\n\t\t\t\t<h3 class=\"elementor-post__title\">\n\t\t\t<a href=\"http:\/\/www.arroiodotigre.rs.gov.br\/site\/2021\/11\/03\/secretaria-de-educacao-e-cultura-realiza-formacao-para-diretores-da-rede-municipal\/\" >\n\t\t\t\tSecretaria de Educa\u00e7\u00e3o e Cultura realiza forma\u00e7\u00e3o para diretores da rede municipal\t\t\t<\/a>\n\t\t<\/h3>\n\t\t\t\t<div class=\"elementor-post__meta-data\">\n\t\t\t\t\t<span class=\"elementor-post-date\">\n\t\t\t3 de novembro de 2021\t\t<\/span>\n\t\t\t\t<span class=\"elementor-post-avatar\">\n\t\t\tNenhum coment\u00e1rio\t\t<\/span>\n\t\t\t\t<\/div>\n\t\t\t\t<div class=\"elementor-post__excerpt\">\n\t\t\t<p>No dia 19 de outubro de 2021, no turno da manh\u00e3, aconteceu reuni\u00e3o com os gestores das escolas municipais de Arroio do Tigre.Na ocasi\u00e3o aconteceu<\/p>\n\t\t<\/div>\n\t\t\n\t\t<a class=\"elementor-post__read-more\" href=\"http:\/\/www.arroiodotigre.rs.gov.br\/site\/2021\/11\/03\/secretaria-de-educacao-e-cultura-realiza-formacao-para-diretores-da-rede-municipal\/\" aria-label=\"Read more about Secretaria de Educa\u00e7\u00e3o e Cultura realiza forma\u00e7\u00e3o para diretores da rede municipal\" >\n\t\t\tRead More \u00bb\t\t<\/a>\n\n\t\t\t\t<\/div>\n\t\t\t\t<\/article>\n\t\t\t\t<article class=\"elementor-post elementor-grid-item post-3778 post type-post status-publish format-standard has-post-thumbnail hentry category-educacao category-noticias entry\">\n\t\t\t\t<a class=\"elementor-post__thumbnail__link\" href=\"http:\/\/www.arroiodotigre.rs.gov.br\/site\/2021\/09\/14\/secretaria-de-educacao-e-cultura-realiza-atividades-nas-escolas\/\" >\n\t\t\t<div class=\"elementor-post__thumbnail\"><img loading=\"lazy\" decoding=\"async\" width=\"300\" height=\"251\" src=\"http:\/\/www.arroiodotigre.rs.gov.br\/site\/wp-content\/uploads\/2021\/09\/imagem_2021-09-14_085731-300x251.png\" class=\"attachment-medium size-medium wp-image-3779\" alt=\"\" srcset=\"http:\/\/www.arroiodotigre.rs.gov.br\/site\/wp-content\/uploads\/2021\/09\/imagem_2021-09-14_085731-300x251.png 300w, http:\/\/www.arroiodotigre.rs.gov.br\/site\/wp-content\/uploads\/2021\/09\/imagem_2021-09-14_085731-768x644.png 768w, http:\/\/www.arroiodotigre.rs.gov.br\/site\/wp-content\/uploads\/2021\/09\/imagem_2021-09-14_085731.png 940w\" sizes=\"auto, (max-width: 300px) 100vw, 300px\" \/><\/div>\n\t\t<\/a>\n\t\t\t\t<div class=\"elementor-post__text\">\n\t\t\t\t<h3 class=\"elementor-post__title\">\n\t\t\t<a href=\"http:\/\/www.arroiodotigre.rs.gov.br\/site\/2021\/09\/14\/secretaria-de-educacao-e-cultura-realiza-atividades-nas-escolas\/\" >\n\t\t\t\tSecretaria de Educa\u00e7\u00e3o e Cultura realiza atividades nas escolas\t\t\t<\/a>\n\t\t<\/h3>\n\t\t\t\t<div class=\"elementor-post__meta-data\">\n\t\t\t\t\t<span class=\"elementor-post-date\">\n\t\t\t14 de setembro de 2021\t\t<\/span>\n\t\t\t\t<span class=\"elementor-post-avatar\">\n\t\t\tNenhum coment\u00e1rio\t\t<\/span>\n\t\t\t\t<\/div>\n\t\t\t\t<div class=\"elementor-post__excerpt\">\n\t\t\t<p>No decorrer dos \u00faltimos dias a SMEC esteve trabalhando na organiza\u00e7\u00e3o e elabora\u00e7\u00e3o de avalia\u00e7\u00f5es, que ser\u00e3o aplicadas nas turmas de 5\u00ba e 9\u00ba ano,<\/p>\n\t\t<\/div>\n\t\t\n\t\t<a class=\"elementor-post__read-more\" href=\"http:\/\/www.arroiodotigre.rs.gov.br\/site\/2021\/09\/14\/secretaria-de-educacao-e-cultura-realiza-atividades-nas-escolas\/\" aria-label=\"Read more about Secretaria de Educa\u00e7\u00e3o e Cultura realiza atividades nas escolas\" >\n\t\t\tRead More \u00bb\t\t<\/a>\n\n\t\t\t\t<\/div>\n\t\t\t\t<\/article>\n\t\t\t\t<article class=\"elementor-post elementor-grid-item post-3684 post type-post status-publish format-standard has-post-thumbnail hentry category-educacao category-noticias entry\">\n\t\t\t\t<a class=\"elementor-post__thumbnail__link\" href=\"http:\/\/www.arroiodotigre.rs.gov.br\/site\/2021\/09\/08\/cultura-de-arroio-do-tigre-em-banda-marciais\/\" >\n\t\t\t<div class=\"elementor-post__thumbnail\"><img loading=\"lazy\" decoding=\"async\" width=\"300\" height=\"168\" src=\"http:\/\/www.arroiodotigre.rs.gov.br\/site\/wp-content\/uploads\/2021\/09\/imagem_2021-09-08_093220-300x168.png\" class=\"attachment-medium size-medium wp-image-3685\" alt=\"\" srcset=\"http:\/\/www.arroiodotigre.rs.gov.br\/site\/wp-content\/uploads\/2021\/09\/imagem_2021-09-08_093220-300x168.png 300w, http:\/\/www.arroiodotigre.rs.gov.br\/site\/wp-content\/uploads\/2021\/09\/imagem_2021-09-08_093220-768x431.png 768w, http:\/\/www.arroiodotigre.rs.gov.br\/site\/wp-content\/uploads\/2021\/09\/imagem_2021-09-08_093220.png 954w\" sizes=\"auto, (max-width: 300px) 100vw, 300px\" \/><\/div>\n\t\t<\/a>\n\t\t\t\t<div class=\"elementor-post__text\">\n\t\t\t\t<h3 class=\"elementor-post__title\">\n\t\t\t<a href=\"http:\/\/www.arroiodotigre.rs.gov.br\/site\/2021\/09\/08\/cultura-de-arroio-do-tigre-em-banda-marciais\/\" >\n\t\t\t\tCultura de Arroio do Tigre em Banda Marciais\t\t\t<\/a>\n\t\t<\/h3>\n\t\t\t\t<div class=\"elementor-post__meta-data\">\n\t\t\t\t\t<span class=\"elementor-post-date\">\n\t\t\t8 de setembro de 2021\t\t<\/span>\n\t\t\t\t<span class=\"elementor-post-avatar\">\n\t\t\tNenhum coment\u00e1rio\t\t<\/span>\n\t\t\t\t<\/div>\n\t\t\t\t<div class=\"elementor-post__excerpt\">\n\t\t\t<p>Hoje 7 de Setembro, marca o dia da INDEPEND\u00caNCIA DO BRASIL&#8230; Mais do que nunca precisamos valorizar nossa democracia, nossa liberdade, valorizando nossas riquezas naturais,<\/p>\n\t\t<\/div>\n\t\t\n\t\t<a class=\"elementor-post__read-more\" href=\"http:\/\/www.arroiodotigre.rs.gov.br\/site\/2021\/09\/08\/cultura-de-arroio-do-tigre-em-banda-marciais\/\" aria-label=\"Read more about Cultura de Arroio do Tigre em Banda Marciais\" >\n\t\t\tRead More \u00bb\t\t<\/a>\n\n\t\t\t\t<\/div>\n\t\t\t\t<\/article>\n\t\t\t\t<article class=\"elementor-post elementor-grid-item post-3680 post type-post status-publish format-standard has-post-thumbnail hentry category-educacao category-noticias entry\">\n\t\t\t\t<a class=\"elementor-post__thumbnail__link\" href=\"http:\/\/www.arroiodotigre.rs.gov.br\/site\/2021\/09\/08\/homenagem-da-escola-ervino-a-g-konrad-apresenta-pilar-paixao-meio-ambiente-e-paisagismo\/\" >\n\t\t\t<div class=\"elementor-post__thumbnail\"><img loading=\"lazy\" decoding=\"async\" width=\"300\" height=\"168\" src=\"http:\/\/www.arroiodotigre.rs.gov.br\/site\/wp-content\/uploads\/2021\/09\/imagem_2021-09-08_092249-300x168.png\" class=\"attachment-medium size-medium wp-image-3681\" alt=\"\" srcset=\"http:\/\/www.arroiodotigre.rs.gov.br\/site\/wp-content\/uploads\/2021\/09\/imagem_2021-09-08_092249-300x168.png 300w, http:\/\/www.arroiodotigre.rs.gov.br\/site\/wp-content\/uploads\/2021\/09\/imagem_2021-09-08_092249-768x431.png 768w, http:\/\/www.arroiodotigre.rs.gov.br\/site\/wp-content\/uploads\/2021\/09\/imagem_2021-09-08_092249.png 950w\" sizes=\"auto, (max-width: 300px) 100vw, 300px\" \/><\/div>\n\t\t<\/a>\n\t\t\t\t<div class=\"elementor-post__text\">\n\t\t\t\t<h3 class=\"elementor-post__title\">\n\t\t\t<a href=\"http:\/\/www.arroiodotigre.rs.gov.br\/site\/2021\/09\/08\/homenagem-da-escola-ervino-a-g-konrad-apresenta-pilar-paixao-meio-ambiente-e-paisagismo\/\" >\n\t\t\t\tHomenagem da Escola Ervino A. G. Konrad apresenta Pilar &#8220;Paix\u00e3o&#8221;: Meio ambiente e paisagismo\t\t\t<\/a>\n\t\t<\/h3>\n\t\t\t\t<div class=\"elementor-post__meta-data\">\n\t\t\t\t\t<span class=\"elementor-post-date\">\n\t\t\t8 de setembro de 2021\t\t<\/span>\n\t\t\t\t<span class=\"elementor-post-avatar\">\n\t\t\tNenhum coment\u00e1rio\t\t<\/span>\n\t\t\t\t<\/div>\n\t\t\t\t<div class=\"elementor-post__excerpt\">\n\t\t\t<p>TODOS SOMOS FEITOS DE PAIX\u00c3O&#8230;. Paix\u00e3o ou PAIX\u00d5ES \u00e9 a luz que ilumina o percurso que chamamos de vida! Na busca daquilo que queremos precisamos<\/p>\n\t\t<\/div>\n\t\t\n\t\t<a class=\"elementor-post__read-more\" href=\"http:\/\/www.arroiodotigre.rs.gov.br\/site\/2021\/09\/08\/homenagem-da-escola-ervino-a-g-konrad-apresenta-pilar-paixao-meio-ambiente-e-paisagismo\/\" aria-label=\"Read more about Homenagem da Escola Ervino A. G. Konrad apresenta Pilar &#8220;Paix\u00e3o&#8221;: Meio ambiente e paisagismo\" >\n\t\t\tRead More \u00bb\t\t<\/a>\n\n\t\t\t\t<\/div>\n\t\t\t\t<\/article>\n\t\t\t\t<article class=\"elementor-post elementor-grid-item post-3675 post type-post status-publish format-standard has-post-thumbnail hentry category-educacao category-noticias entry\">\n\t\t\t\t<a class=\"elementor-post__thumbnail__link\" href=\"http:\/\/www.arroiodotigre.rs.gov.br\/site\/2021\/09\/08\/eeemat-faz-homenagem-ao-professor-gentil-luiz-zanella\/\" >\n\t\t\t<div class=\"elementor-post__thumbnail\"><img loading=\"lazy\" decoding=\"async\" width=\"300\" height=\"174\" src=\"http:\/\/www.arroiodotigre.rs.gov.br\/site\/wp-content\/uploads\/2021\/09\/imagem_2021-09-08_091213-300x174.png\" class=\"attachment-medium size-medium wp-image-3676\" alt=\"\" srcset=\"http:\/\/www.arroiodotigre.rs.gov.br\/site\/wp-content\/uploads\/2021\/09\/imagem_2021-09-08_091213-300x174.png 300w, http:\/\/www.arroiodotigre.rs.gov.br\/site\/wp-content\/uploads\/2021\/09\/imagem_2021-09-08_091213-768x446.png 768w, http:\/\/www.arroiodotigre.rs.gov.br\/site\/wp-content\/uploads\/2021\/09\/imagem_2021-09-08_091213.png 950w\" sizes=\"auto, (max-width: 300px) 100vw, 300px\" \/><\/div>\n\t\t<\/a>\n\t\t\t\t<div class=\"elementor-post__text\">\n\t\t\t\t<h3 class=\"elementor-post__title\">\n\t\t\t<a href=\"http:\/\/www.arroiodotigre.rs.gov.br\/site\/2021\/09\/08\/eeemat-faz-homenagem-ao-professor-gentil-luiz-zanella\/\" >\n\t\t\t\tEEEMAT faz homenagem ao professor Gentil Luiz Zanella\t\t\t<\/a>\n\t\t<\/h3>\n\t\t\t\t<div class=\"elementor-post__meta-data\">\n\t\t\t\t\t<span class=\"elementor-post-date\">\n\t\t\t8 de setembro de 2021\t\t<\/span>\n\t\t\t\t<span class=\"elementor-post-avatar\">\n\t\t\tNenhum coment\u00e1rio\t\t<\/span>\n\t\t\t\t<\/div>\n\t\t\t\t<div class=\"elementor-post__excerpt\">\n\t\t\t<p>Educa\u00e7\u00e3o&#8230; \u00c9 uma constru\u00e7\u00e3o feita por muitas m\u00e3os! A educa\u00e7\u00e3o n\u00e3o transforma o mundo, ela muda e capacita as pessoas para mudarem o mundo! A<\/p>\n\t\t<\/div>\n\t\t\n\t\t<a class=\"elementor-post__read-more\" href=\"http:\/\/www.arroiodotigre.rs.gov.br\/site\/2021\/09\/08\/eeemat-faz-homenagem-ao-professor-gentil-luiz-zanella\/\" aria-label=\"Read more about EEEMAT faz homenagem ao professor Gentil Luiz Zanella\" >\n\t\t\tRead More \u00bb\t\t<\/a>\n\n\t\t\t\t<\/div>\n\t\t\t\t<\/article>\n\t\t\t\t<article class=\"elementor-post elementor-grid-item post-3672 post type-post status-publish format-standard has-post-thumbnail hentry category-educacao category-noticias entry\">\n\t\t\t\t<a class=\"elementor-post__thumbnail__link\" href=\"http:\/\/www.arroiodotigre.rs.gov.br\/site\/2021\/09\/08\/escola-e-comunidade-pilares-na-construcao-do-arroio-do-tigre-que-queremos\/\" >\n\t\t\t<div class=\"elementor-post__thumbnail\"><img loading=\"lazy\" decoding=\"async\" width=\"300\" height=\"169\" src=\"http:\/\/www.arroiodotigre.rs.gov.br\/site\/wp-content\/uploads\/2021\/09\/imagem_2021-09-08_090444-300x169.png\" class=\"attachment-medium size-medium wp-image-3673\" alt=\"\" srcset=\"http:\/\/www.arroiodotigre.rs.gov.br\/site\/wp-content\/uploads\/2021\/09\/imagem_2021-09-08_090444-300x169.png 300w, http:\/\/www.arroiodotigre.rs.gov.br\/site\/wp-content\/uploads\/2021\/09\/imagem_2021-09-08_090444-768x431.png 768w, http:\/\/www.arroiodotigre.rs.gov.br\/site\/wp-content\/uploads\/2021\/09\/imagem_2021-09-08_090444.png 954w\" sizes=\"auto, (max-width: 300px) 100vw, 300px\" \/><\/div>\n\t\t<\/a>\n\t\t\t\t<div class=\"elementor-post__text\">\n\t\t\t\t<h3 class=\"elementor-post__title\">\n\t\t\t<a href=\"http:\/\/www.arroiodotigre.rs.gov.br\/site\/2021\/09\/08\/escola-e-comunidade-pilares-na-construcao-do-arroio-do-tigre-que-queremos\/\" >\n\t\t\t\tEscola e Comunidade: Pilares na constru\u00e7\u00e3o do Arroio do Tigre que queremos\t\t\t<\/a>\n\t\t<\/h3>\n\t\t\t\t<div class=\"elementor-post__meta-data\">\n\t\t\t\t\t<span class=\"elementor-post-date\">\n\t\t\t8 de setembro de 2021\t\t<\/span>\n\t\t\t\t<span class=\"elementor-post-avatar\">\n\t\t\tNenhum coment\u00e1rio\t\t<\/span>\n\t\t\t\t<\/div>\n\t\t\t\t<div class=\"elementor-post__excerpt\">\n\t\t\t<p>Nosso tema a n\u00edvel municipal vem para instigar voc\u00ea a fazer uma reflex\u00e3o&#8230; Refletir o quanto nossas escolas s\u00e3o importantes na constru\u00e7\u00e3o de cidad\u00e3os respons\u00e1veis,<\/p>\n\t\t<\/div>\n\t\t\n\t\t<a class=\"elementor-post__read-more\" href=\"http:\/\/www.arroiodotigre.rs.gov.br\/site\/2021\/09\/08\/escola-e-comunidade-pilares-na-construcao-do-arroio-do-tigre-que-queremos\/\" aria-label=\"Read more about Escola e Comunidade: Pilares na constru\u00e7\u00e3o do Arroio do Tigre que queremos\" >\n\t\t\tRead More \u00bb\t\t<\/a>\n\n\t\t\t\t<\/div>\n\t\t\t\t<\/article>\n\t\t\t\t<article class=\"elementor-post elementor-grid-item post-3669 post type-post status-publish format-standard has-post-thumbnail hentry category-educacao category-noticias entry\">\n\t\t\t\t<a class=\"elementor-post__thumbnail__link\" href=\"http:\/\/www.arroiodotigre.rs.gov.br\/site\/2021\/09\/08\/escolas-em-atividades-alusivas-a-semana-da-patria\/\" >\n\t\t\t<div class=\"elementor-post__thumbnail\"><img loading=\"lazy\" decoding=\"async\" width=\"300\" height=\"300\" src=\"http:\/\/www.arroiodotigre.rs.gov.br\/site\/wp-content\/uploads\/2021\/09\/imagem_2021-09-08_085337-300x300.png\" class=\"attachment-medium size-medium wp-image-3671\" alt=\"\" srcset=\"http:\/\/www.arroiodotigre.rs.gov.br\/site\/wp-content\/uploads\/2021\/09\/imagem_2021-09-08_085337-300x300.png 300w, http:\/\/www.arroiodotigre.rs.gov.br\/site\/wp-content\/uploads\/2021\/09\/imagem_2021-09-08_085337-150x150.png 150w, http:\/\/www.arroiodotigre.rs.gov.br\/site\/wp-content\/uploads\/2021\/09\/imagem_2021-09-08_085337.png 498w\" sizes=\"auto, (max-width: 300px) 100vw, 300px\" \/><\/div>\n\t\t<\/a>\n\t\t\t\t<div class=\"elementor-post__text\">\n\t\t\t\t<h3 class=\"elementor-post__title\">\n\t\t\t<a href=\"http:\/\/www.arroiodotigre.rs.gov.br\/site\/2021\/09\/08\/escolas-em-atividades-alusivas-a-semana-da-patria\/\" >\n\t\t\t\tEscolas em atividades alusivas a Semana da P\u00e1tria\t\t\t<\/a>\n\t\t<\/h3>\n\t\t\t\t<div class=\"elementor-post__meta-data\">\n\t\t\t\t\t<span class=\"elementor-post-date\">\n\t\t\t8 de setembro de 2021\t\t<\/span>\n\t\t\t\t<span class=\"elementor-post-avatar\">\n\t\t\tNenhum coment\u00e1rio\t\t<\/span>\n\t\t\t\t<\/div>\n\t\t\t\t<div class=\"elementor-post__excerpt\">\n\t\t\t<p>Nossas escolas s\u00e3o um pilar fundamental para a constru\u00e7\u00e3o da sociedade que queremos, quando h\u00e1 trabalho de coopera\u00e7\u00e3o da comunidade e com a comunidade conseguiremos<\/p>\n\t\t<\/div>\n\t\t\n\t\t<a class=\"elementor-post__read-more\" href=\"http:\/\/www.arroiodotigre.rs.gov.br\/site\/2021\/09\/08\/escolas-em-atividades-alusivas-a-semana-da-patria\/\" aria-label=\"Read more about Escolas em atividades alusivas a Semana da P\u00e1tria\" >\n\t\t\tRead More \u00bb\t\t<\/a>\n\n\t\t\t\t<\/div>\n\t\t\t\t<\/article>\n\t\t\t\t<article class=\"elementor-post elementor-grid-item post-3323 post type-post status-publish format-standard has-post-thumbnail hentry category-educacao category-noticias entry\">\n\t\t\t\t<a class=\"elementor-post__thumbnail__link\" href=\"http:\/\/www.arroiodotigre.rs.gov.br\/site\/2021\/08\/24\/reposicao-salarial\/\" >\n\t\t\t<div class=\"elementor-post__thumbnail\"><img loading=\"lazy\" decoding=\"async\" width=\"300\" height=\"251\" src=\"http:\/\/www.arroiodotigre.rs.gov.br\/site\/wp-content\/uploads\/2021\/08\/imagem_2021-08-24_082027-300x251.png\" class=\"attachment-medium size-medium wp-image-3324\" alt=\"\" srcset=\"http:\/\/www.arroiodotigre.rs.gov.br\/site\/wp-content\/uploads\/2021\/08\/imagem_2021-08-24_082027-300x251.png 300w, http:\/\/www.arroiodotigre.rs.gov.br\/site\/wp-content\/uploads\/2021\/08\/imagem_2021-08-24_082027-768x644.png 768w, http:\/\/www.arroiodotigre.rs.gov.br\/site\/wp-content\/uploads\/2021\/08\/imagem_2021-08-24_082027.png 940w\" sizes=\"auto, (max-width: 300px) 100vw, 300px\" \/><\/div>\n\t\t<\/a>\n\t\t\t\t<div class=\"elementor-post__text\">\n\t\t\t\t<h3 class=\"elementor-post__title\">\n\t\t\t<a href=\"http:\/\/www.arroiodotigre.rs.gov.br\/site\/2021\/08\/24\/reposicao-salarial\/\" >\n\t\t\t\tReposi\u00e7\u00e3o salarial\t\t\t<\/a>\n\t\t<\/h3>\n\t\t\t\t<div class=\"elementor-post__meta-data\">\n\t\t\t\t\t<span class=\"elementor-post-date\">\n\t\t\t24 de agosto de 2021\t\t<\/span>\n\t\t\t\t<span class=\"elementor-post-avatar\">\n\t\t\tNenhum coment\u00e1rio\t\t<\/span>\n\t\t\t\t<\/div>\n\t\t\t\t<div class=\"elementor-post__excerpt\">\n\t\t\t<p>A Administra\u00e7\u00e3o Municipal esteve em reuni\u00e3o na \u00faltima sexta-feira, 20 de agosto, com as equipes diretivas das escolas municipais, na pauta estava a programa\u00e7\u00e3o da<\/p>\n\t\t<\/div>\n\t\t\n\t\t<a class=\"elementor-post__read-more\" href=\"http:\/\/www.arroiodotigre.rs.gov.br\/site\/2021\/08\/24\/reposicao-salarial\/\" aria-label=\"Read more about Reposi\u00e7\u00e3o salarial\" >\n\t\t\tRead More \u00bb\t\t<\/a>\n\n\t\t\t\t<\/div>\n\t\t\t\t<\/article>\n\t\t\t\t<article class=\"elementor-post elementor-grid-item post-2943 post type-post status-publish format-standard has-post-thumbnail hentry category-educacao entry\">\n\t\t\t\t<a class=\"elementor-post__thumbnail__link\" href=\"http:\/\/www.arroiodotigre.rs.gov.br\/site\/2021\/08\/11\/campanha-mudaalimento\/\" >\n\t\t\t<div class=\"elementor-post__thumbnail\"><img loading=\"lazy\" decoding=\"async\" width=\"300\" height=\"251\" src=\"http:\/\/www.arroiodotigre.rs.gov.br\/site\/wp-content\/uploads\/2021\/08\/imagem_2021-08-11_105159-300x251.png\" class=\"attachment-medium size-medium wp-image-2946\" alt=\"\" srcset=\"http:\/\/www.arroiodotigre.rs.gov.br\/site\/wp-content\/uploads\/2021\/08\/imagem_2021-08-11_105159-300x251.png 300w, http:\/\/www.arroiodotigre.rs.gov.br\/site\/wp-content\/uploads\/2021\/08\/imagem_2021-08-11_105159-768x644.png 768w, http:\/\/www.arroiodotigre.rs.gov.br\/site\/wp-content\/uploads\/2021\/08\/imagem_2021-08-11_105159.png 940w\" sizes=\"auto, (max-width: 300px) 100vw, 300px\" \/><\/div>\n\t\t<\/a>\n\t\t\t\t<div class=\"elementor-post__text\">\n\t\t\t\t<h3 class=\"elementor-post__title\">\n\t\t\t<a href=\"http:\/\/www.arroiodotigre.rs.gov.br\/site\/2021\/08\/11\/campanha-mudaalimento\/\" >\n\t\t\t\tCampanha Mud\u00e1Alimento\t\t\t<\/a>\n\t\t<\/h3>\n\t\t\t\t<div class=\"elementor-post__meta-data\">\n\t\t\t\t\t<span class=\"elementor-post-date\">\n\t\t\t11 de agosto de 2021\t\t<\/span>\n\t\t\t\t<span class=\"elementor-post-avatar\">\n\t\t\tNenhum coment\u00e1rio\t\t<\/span>\n\t\t\t\t<\/div>\n\t\t\t\t<div class=\"elementor-post__excerpt\">\n\t\t\t<p>Durante o m\u00eas de agosto, a administra\u00e7\u00e3o municipal de Arroio do Tigre, atrav\u00e9s das Escolas Municipais e em parceria com o PROJETO VERDE \u00c9 VIDA,<\/p>\n\t\t<\/div>\n\t\t\n\t\t<a class=\"elementor-post__read-more\" href=\"http:\/\/www.arroiodotigre.rs.gov.br\/site\/2021\/08\/11\/campanha-mudaalimento\/\" aria-label=\"Read more about Campanha Mud\u00e1Alimento\" >\n\t\t\tRead More \u00bb\t\t<\/a>\n\n\t\t\t\t<\/div>\n\t\t\t\t<\/article>\n\t\t\t\t<article class=\"elementor-post elementor-grid-item post-2835 post type-post status-publish format-standard has-post-thumbnail hentry category-educacao entry\">\n\t\t\t\t<a class=\"elementor-post__thumbnail__link\" href=\"http:\/\/www.arroiodotigre.rs.gov.br\/site\/2021\/08\/10\/reuniao-das-professoras-das-escolas-pre-a-e-pre-b\/\" >\n\t\t\t<div class=\"elementor-post__thumbnail\"><img loading=\"lazy\" decoding=\"async\" width=\"300\" height=\"169\" src=\"http:\/\/www.arroiodotigre.rs.gov.br\/site\/wp-content\/uploads\/2021\/08\/WhatsApp-Image-2021-08-10-at-10.37.05-300x169.jpeg\" class=\"attachment-medium size-medium wp-image-2836\" alt=\"\" srcset=\"http:\/\/www.arroiodotigre.rs.gov.br\/site\/wp-content\/uploads\/2021\/08\/WhatsApp-Image-2021-08-10-at-10.37.05-300x169.jpeg 300w, http:\/\/www.arroiodotigre.rs.gov.br\/site\/wp-content\/uploads\/2021\/08\/WhatsApp-Image-2021-08-10-at-10.37.05-1024x576.jpeg 1024w, http:\/\/www.arroiodotigre.rs.gov.br\/site\/wp-content\/uploads\/2021\/08\/WhatsApp-Image-2021-08-10-at-10.37.05-768x432.jpeg 768w, http:\/\/www.arroiodotigre.rs.gov.br\/site\/wp-content\/uploads\/2021\/08\/WhatsApp-Image-2021-08-10-at-10.37.05-1536x864.jpeg 1536w, http:\/\/www.arroiodotigre.rs.gov.br\/site\/wp-content\/uploads\/2021\/08\/WhatsApp-Image-2021-08-10-at-10.37.05-1568x882.jpeg 1568w, http:\/\/www.arroiodotigre.rs.gov.br\/site\/wp-content\/uploads\/2021\/08\/WhatsApp-Image-2021-08-10-at-10.37.05.jpeg 1600w\" sizes=\"auto, (max-width: 300px) 100vw, 300px\" \/><\/div>\n\t\t<\/a>\n\t\t\t\t<div class=\"elementor-post__text\">\n\t\t\t\t<h3 class=\"elementor-post__title\">\n\t\t\t<a href=\"http:\/\/www.arroiodotigre.rs.gov.br\/site\/2021\/08\/10\/reuniao-das-professoras-das-escolas-pre-a-e-pre-b\/\" >\n\t\t\t\tReuni\u00e3o das professoras das escolas Pr\u00e9 A e Pr\u00e9 B\t\t\t<\/a>\n\t\t<\/h3>\n\t\t\t\t<div class=\"elementor-post__meta-data\">\n\t\t\t\t\t<span class=\"elementor-post-date\">\n\t\t\t10 de agosto de 2021\t\t<\/span>\n\t\t\t\t<span class=\"elementor-post-avatar\">\n\t\t\tNenhum coment\u00e1rio\t\t<\/span>\n\t\t\t\t<\/div>\n\t\t\t\t<div class=\"elementor-post__excerpt\">\n\t\t\t<p>Na semana passada, professores de Pr\u00e9 A e Pr\u00e9 B das Escolas Municipais de Arroio do Tigre estiveram reunidas com a coordenadora da Educa\u00e7\u00e3o Infantil,<\/p>\n\t\t<\/div>\n\t\t\n\t\t<a class=\"elementor-post__read-more\" href=\"http:\/\/www.arroiodotigre.rs.gov.br\/site\/2021\/08\/10\/reuniao-das-professoras-das-escolas-pre-a-e-pre-b\/\" aria-label=\"Read more about Reuni\u00e3o das professoras das escolas Pr\u00e9 A e Pr\u00e9 B\" >\n\t\t\tRead More \u00bb\t\t<\/a>\n\n\t\t\t\t<\/div>\n\t\t\t\t<\/article>\n\t\t\t\t<article class=\"elementor-post elementor-grid-item post-2831 post type-post status-publish format-standard has-post-thumbnail hentry category-educacao entry\">\n\t\t\t\t<a class=\"elementor-post__thumbnail__link\" href=\"http:\/\/www.arroiodotigre.rs.gov.br\/site\/2021\/08\/10\/encontro-dos-gestores-das-escolas-municipais\/\" >\n\t\t\t<div class=\"elementor-post__thumbnail\"><img loading=\"lazy\" decoding=\"async\" width=\"300\" height=\"138\" src=\"http:\/\/www.arroiodotigre.rs.gov.br\/site\/wp-content\/uploads\/2021\/08\/WhatsApp-Image-2021-08-10-at-10.19.42-300x138.jpeg\" class=\"attachment-medium size-medium wp-image-2834\" alt=\"\" srcset=\"http:\/\/www.arroiodotigre.rs.gov.br\/site\/wp-content\/uploads\/2021\/08\/WhatsApp-Image-2021-08-10-at-10.19.42-300x138.jpeg 300w, http:\/\/www.arroiodotigre.rs.gov.br\/site\/wp-content\/uploads\/2021\/08\/WhatsApp-Image-2021-08-10-at-10.19.42-1024x472.jpeg 1024w, http:\/\/www.arroiodotigre.rs.gov.br\/site\/wp-content\/uploads\/2021\/08\/WhatsApp-Image-2021-08-10-at-10.19.42-768x354.jpeg 768w, http:\/\/www.arroiodotigre.rs.gov.br\/site\/wp-content\/uploads\/2021\/08\/WhatsApp-Image-2021-08-10-at-10.19.42-1536x708.jpeg 1536w, http:\/\/www.arroiodotigre.rs.gov.br\/site\/wp-content\/uploads\/2021\/08\/WhatsApp-Image-2021-08-10-at-10.19.42-1568x723.jpeg 1568w, http:\/\/www.arroiodotigre.rs.gov.br\/site\/wp-content\/uploads\/2021\/08\/WhatsApp-Image-2021-08-10-at-10.19.42.jpeg 1600w\" sizes=\"auto, (max-width: 300px) 100vw, 300px\" \/><\/div>\n\t\t<\/a>\n\t\t\t\t<div class=\"elementor-post__text\">\n\t\t\t\t<h3 class=\"elementor-post__title\">\n\t\t\t<a href=\"http:\/\/www.arroiodotigre.rs.gov.br\/site\/2021\/08\/10\/encontro-dos-gestores-das-escolas-municipais\/\" >\n\t\t\t\tEncontro dos gestores das escolas municipais\t\t\t<\/a>\n\t\t<\/h3>\n\t\t\t\t<div class=\"elementor-post__meta-data\">\n\t\t\t\t\t<span class=\"elementor-post-date\">\n\t\t\t10 de agosto de 2021\t\t<\/span>\n\t\t\t\t<span class=\"elementor-post-avatar\">\n\t\t\tNenhum coment\u00e1rio\t\t<\/span>\n\t\t\t\t<\/div>\n\t\t\t\t<div class=\"elementor-post__excerpt\">\n\t\t\t<p>No dia 07\/08, sexta-feira, aconteceu na sala de reuni\u00f5es da Prefeitura o encontro dos gestores das Escolas Municipais de Arroio do Tigre. A pauta principal<\/p>\n\t\t<\/div>\n\t\t\n\t\t<a class=\"elementor-post__read-more\" href=\"http:\/\/www.arroiodotigre.rs.gov.br\/site\/2021\/08\/10\/encontro-dos-gestores-das-escolas-municipais\/\" aria-label=\"Read more about Encontro dos gestores das escolas municipais\" >\n\t\t\tRead More \u00bb\t\t<\/a>\n\n\t\t\t\t<\/div>\n\t\t\t\t<\/article>\n\t\t\t\t<article class=\"elementor-post elementor-grid-item post-2828 post type-post status-publish format-standard has-post-thumbnail hentry category-educacao category-noticias entry\">\n\t\t\t\t<a class=\"elementor-post__thumbnail__link\" href=\"http:\/\/www.arroiodotigre.rs.gov.br\/site\/2021\/08\/10\/homenagem-a-todos-os-pais\/\" >\n\t\t\t<div class=\"elementor-post__thumbnail\"><img loading=\"lazy\" decoding=\"async\" width=\"300\" height=\"169\" src=\"http:\/\/www.arroiodotigre.rs.gov.br\/site\/wp-content\/uploads\/2021\/08\/imagem_2021-08-10_103705-300x169.png\" class=\"attachment-medium size-medium wp-image-2829\" alt=\"\" srcset=\"http:\/\/www.arroiodotigre.rs.gov.br\/site\/wp-content\/uploads\/2021\/08\/imagem_2021-08-10_103705-300x169.png 300w, http:\/\/www.arroiodotigre.rs.gov.br\/site\/wp-content\/uploads\/2021\/08\/imagem_2021-08-10_103705-1024x576.png 1024w, http:\/\/www.arroiodotigre.rs.gov.br\/site\/wp-content\/uploads\/2021\/08\/imagem_2021-08-10_103705-768x432.png 768w, http:\/\/www.arroiodotigre.rs.gov.br\/site\/wp-content\/uploads\/2021\/08\/imagem_2021-08-10_103705.png 1280w\" sizes=\"auto, (max-width: 300px) 100vw, 300px\" \/><\/div>\n\t\t<\/a>\n\t\t\t\t<div class=\"elementor-post__text\">\n\t\t\t\t<h3 class=\"elementor-post__title\">\n\t\t\t<a href=\"http:\/\/www.arroiodotigre.rs.gov.br\/site\/2021\/08\/10\/homenagem-a-todos-os-pais\/\" >\n\t\t\t\tHomenagem a todos os pais\t\t\t<\/a>\n\t\t<\/h3>\n\t\t\t\t<div class=\"elementor-post__meta-data\">\n\t\t\t\t\t<span class=\"elementor-post-date\">\n\t\t\t10 de agosto de 2021\t\t<\/span>\n\t\t\t\t<span class=\"elementor-post-avatar\">\n\t\t\tNenhum coment\u00e1rio\t\t<\/span>\n\t\t\t\t<\/div>\n\t\t\t\t<div class=\"elementor-post__excerpt\">\n\t\t\t<p>Na \u00faltima sexta-feira, dia 06\/08, a Prefeitura Municipal de Arroio do Tigre realizou uma homenagem a todos os pais, em especial aos servidores p\u00fablicos. A<\/p>\n\t\t<\/div>\n\t\t\n\t\t<a class=\"elementor-post__read-more\" href=\"http:\/\/www.arroiodotigre.rs.gov.br\/site\/2021\/08\/10\/homenagem-a-todos-os-pais\/\" aria-label=\"Read more about Homenagem a todos os pais\" >\n\t\t\tRead More \u00bb\t\t<\/a>\n\n\t\t\t\t<\/div>\n\t\t\t\t<\/article>\n\t\t\t\t<article class=\"elementor-post elementor-grid-item post-2819 post type-post status-publish format-standard has-post-thumbnail hentry category-educacao entry\">\n\t\t\t\t<a class=\"elementor-post__thumbnail__link\" href=\"http:\/\/www.arroiodotigre.rs.gov.br\/site\/2021\/08\/10\/escolha-de-material-didatico-de-apoio-para-os-professores-de-creche-i-ii-e-iii\/\" >\n\t\t\t<div class=\"elementor-post__thumbnail\"><img loading=\"lazy\" decoding=\"async\" width=\"300\" height=\"286\" src=\"http:\/\/www.arroiodotigre.rs.gov.br\/site\/wp-content\/uploads\/2021\/08\/220905787_551404376055998_1743237170412675651_n-300x286.jpg\" class=\"attachment-medium size-medium wp-image-2820\" alt=\"\" srcset=\"http:\/\/www.arroiodotigre.rs.gov.br\/site\/wp-content\/uploads\/2021\/08\/220905787_551404376055998_1743237170412675651_n-300x286.jpg 300w, http:\/\/www.arroiodotigre.rs.gov.br\/site\/wp-content\/uploads\/2021\/08\/220905787_551404376055998_1743237170412675651_n-1024x975.jpg 1024w, http:\/\/www.arroiodotigre.rs.gov.br\/site\/wp-content\/uploads\/2021\/08\/220905787_551404376055998_1743237170412675651_n-768x731.jpg 768w, http:\/\/www.arroiodotigre.rs.gov.br\/site\/wp-content\/uploads\/2021\/08\/220905787_551404376055998_1743237170412675651_n.jpg 1440w\" sizes=\"auto, (max-width: 300px) 100vw, 300px\" \/><\/div>\n\t\t<\/a>\n\t\t\t\t<div class=\"elementor-post__text\">\n\t\t\t\t<h3 class=\"elementor-post__title\">\n\t\t\t<a href=\"http:\/\/www.arroiodotigre.rs.gov.br\/site\/2021\/08\/10\/escolha-de-material-didatico-de-apoio-para-os-professores-de-creche-i-ii-e-iii\/\" >\n\t\t\t\tEscolha de material did\u00e1tico de apoio para os professores de Creche I, II e III.\t\t\t<\/a>\n\t\t<\/h3>\n\t\t\t\t<div class=\"elementor-post__meta-data\">\n\t\t\t\t\t<span class=\"elementor-post-date\">\n\t\t\t10 de agosto de 2021\t\t<\/span>\n\t\t\t\t<span class=\"elementor-post-avatar\">\n\t\t\tNenhum coment\u00e1rio\t\t<\/span>\n\t\t\t\t<\/div>\n\t\t\t\t<div class=\"elementor-post__excerpt\">\n\t\t\t<p>Na manh\u00e3 de hoje (21\/07) a Supervisora da Educa\u00e7\u00e3o Infantil Simoni Beilke esteve reunida com representantes das EMEIs: V\u00f3 Nat\u00e1lia, Crian\u00e7a Feliz e\u00a0Pingo de Gente.<\/p>\n\t\t<\/div>\n\t\t\n\t\t<a class=\"elementor-post__read-more\" href=\"http:\/\/www.arroiodotigre.rs.gov.br\/site\/2021\/08\/10\/escolha-de-material-didatico-de-apoio-para-os-professores-de-creche-i-ii-e-iii\/\" aria-label=\"Read more about Escolha de material did\u00e1tico de apoio para os professores de Creche I, II e III.\" >\n\t\t\tRead More \u00bb\t\t<\/a>\n\n\t\t\t\t<\/div>\n\t\t\t\t<\/article>\n\t\t\t\t<\/div>\n\t\t\n\t\t\t\t<\/div>\n\t\t\t\t<\/div>\n\t\t\t\t\t\t<\/div>\n\t\t\t\t\t<\/div>\n\t\t<\/div>\n\t\t\t\t\t\t\t\t<\/div>\n\t\t\t\t\t<\/div>\n\t\t<\/section>\n\t\t\t\t\t\t\t\t\t<\/div>\n\t\t\t<\/div>\n\t\t\t\t\t<\/div>\n\t\t","protected":false},"excerpt":{"rendered":"","protected":false},"author":3,"featured_media":0,"parent":0,"menu_order":0,"comment_status":"closed","ping_status":"closed","template":"","meta":{"footnotes":""},"class_list":["post-2900","page","type-page","status-publish","hentry","entry"],"_links":{"self":[{"href":"http:\/\/www.arroiodotigre.rs.gov.br\/site\/wp-json\/wp\/v2\/pages\/2900","targetHints":{"allow":["GET"]}}],"collection":[{"href":"http:\/\/www.arroiodotigre.rs.gov.br\/site\/wp-json\/wp\/v2\/pages"}],"about":[{"href":"http:\/\/www.arroiodotigre.rs.gov.br\/site\/wp-json\/wp\/v2\/types\/page"}],"author":[{"embeddable":true,"href":"http:\/\/www.arroiodotigre.rs.gov.br\/site\/wp-json\/wp\/v2\/users\/3"}],"replies":[{"embeddable":true,"href":"http:\/\/www.arroiodotigre.rs.gov.br\/site\/wp-json\/wp\/v2\/comments?post=2900"}],"version-history":[{"count":9,"href":"http:\/\/www.arroiodotigre.rs.gov.br\/site\/wp-json\/wp\/v2\/pages\/2900\/revisions"}],"predecessor-version":[{"id":2938,"href":"http:\/\/www.arroiodotigre.rs.gov.br\/site\/wp-json\/wp\/v2\/pages\/2900\/revisions\/2938"}],"wp:attachment":[{"href":"http:\/\/www.arroiodotigre.rs.gov.br\/site\/wp-json\/wp\/v2\/media?parent=2900"}],"curies":[{"name":"wp","href":"https:\/\/api.w.org\/{rel}","templated":true}]}}